{"id":773,"date":"2016-09-30T00:40:51","date_gmt":"2016-09-29T22:40:51","guid":{"rendered":"http:\/\/www.auduteau.net\/cyclo\/?page_id=773"},"modified":"2021-09-08T16:46:15","modified_gmt":"2021-09-08T14:46:15","slug":"2017-week-end-en-baie-de-somme","status":"publish","type":"page","link":"https:\/\/www.auduteau.net\/cyclo\/debut-de-lhistoire\/2017-week-end-en-baie-de-somme\/","title":{"rendered":"2017 &#8211; Week-end en baie de Somme"},"content":{"rendered":"<p style=\"text-align: right;\"><a href=\"http:\/\/www.auduteau.net\/cyclo\/galeries-photos\/2017-baie-de-somme-galerie\/\">Galerie photos<\/a><\/p>\n<div id=\"attachment_776\" style=\"width: 310px\" class=\"wp-caption aligncenter\"><a href=\"https:\/\/www.leroulard.com\/track\/596b0da22ff87e1f39912bbd\" target=\"_blank\" rel=\"noopener noreferrer\" class=\"broken_link\"><img aria-describedby=\"caption-attachment-776\" loading=\"lazy\" class=\"wp-image-776 size-medium\" src=\"http:\/\/www.auduteau.net\/cyclo\/wp-content\/uploads\/2017-baie-de-somme-300x293.png\" alt=\"\" width=\"300\" height=\"293\" srcset=\"https:\/\/www.auduteau.net\/cyclo\/wp-content\/uploads\/2017-baie-de-somme-300x293.png 300w, https:\/\/www.auduteau.net\/cyclo\/wp-content\/uploads\/2017-baie-de-somme.png 387w\" sizes=\"(max-width: 300px) 100vw, 300px\" \/><\/a><p id=\"caption-attachment-776\" class=\"wp-caption-text\"><a href=\"https:\/\/www.leroulard.com\/track\/596b0da22ff87e1f39912bbd\" target=\"_blank\" rel=\"noopener noreferrer\" class=\"broken_link\">Circuit WE baie de Somme<\/a><\/p><\/div>\n<p>\u00c0 la base, pour ce week-end, l&rsquo;objectif \u00e9tait de faire le tour complet de la baie.<\/p>\n<p>Comme \u00e0 notre habitude, \u00e0 force de faire les choses au dernier moment, nous avons rat\u00e9 la r\u00e9servation de notre pied \u00e0 terre.<\/p>\n<p>\u00c0 l&rsquo;origine on ciblait central \u00e0 Noyelles sur mer pour op\u00e9rer des boucles vers le Nord et le sud.<\/p>\n<p>Un WE du 14 juillet, on a trouv\u00e9 qu&rsquo;\u00e0 Rue. Ce qui hypoth\u00e9quait le circuit.<\/p>\n<div id=\"attachment_782\" style=\"width: 160px\" class=\"wp-caption alignright\"><a href=\"http:\/\/www.auduteau.net\/cyclo\/wp-content\/uploads\/P1000011.jpg\"><img aria-describedby=\"caption-attachment-782\" loading=\"lazy\" class=\"wp-image-782 size-thumbnail\" src=\"http:\/\/www.auduteau.net\/cyclo\/wp-content\/uploads\/P1000011-150x150.jpg\" alt=\"\" width=\"150\" height=\"150\" \/><\/a><p id=\"caption-attachment-782\" class=\"wp-caption-text\">Le marais &#8211; Le Crotoy<\/p><\/div>\n<p>Donc arriv\u00e9e vers 14h \u00e0 Rue, avec un rendez-vous \u00e0 15h, nous avons opt\u00e9 pour la brasserie du Beffroi. Excellent resto d&rsquo;\u00e9tape au service sympathique et aux moules aux diverses sauces exquises.<br \/>\nLa prise de l&rsquo;appartement et installation nous a amener \u00e0 d\u00e9marrer notre premi\u00e8re boucle \u00e0 17h. D\u00e9marrage retard\u00e9 aussi par un cyclo-randonneur solitaire hagard et d\u00e9pit\u00e9 voire un brin r\u00e2leur.<br \/>\nBref, arrivant, de Clayeux, c&rsquo;\u00e9tait nul et il avait h\u00e2te de continuer sur Amsterdam.<br \/>\nParfait pour se mettre dans l&rsquo;ambiance week-end cyclo.<\/p>\n<h2>Rue -&gt; Le Crotoy<\/h2>\n<p>Direction Le Crotoy par la route de Fayoles. Pas de piste cyclable mais des petites routes sinueuses \u00e0 travers la lande.<br \/>\nTour de la ville qui ne nous a pas marqu\u00e9 et retour \u00e0 Rue.<br \/>\nBref 1\u00e8re journ\u00e9e mise en jambe.<\/p>\n<h2>Rue -&gt; Saint Val\u00e9ry sur Somme<\/h2>\n<div id=\"attachment_783\" style=\"width: 160px\" class=\"wp-caption alignright\"><a href=\"http:\/\/www.auduteau.net\/cyclo\/wp-content\/uploads\/P1000018.jpg\"><img aria-describedby=\"caption-attachment-783\" loading=\"lazy\" class=\"wp-image-783 size-thumbnail\" src=\"http:\/\/www.auduteau.net\/cyclo\/wp-content\/uploads\/P1000018-150x150.jpg\" alt=\"\" width=\"150\" height=\"150\" \/><\/a><p id=\"caption-attachment-783\" class=\"wp-caption-text\">St. Valery sur Somme<\/p><\/div>\n<p>Lendemain d\u00e9part \u00e0 11h (oui, c&rsquo;est assez cool comme rythme) et rebelote vers Le Crotoy mais en poussant jusqu&rsquo;\u00e0 Saint Val\u00e9ry sur Somme. La, on a enfin trouv\u00e9 une piste cyclable s\u00e9curis\u00e9e.<br \/>\nLa ville s&rsquo;affiche clairement plus bourgeoise avec de belles maisons en bord de jet\u00e9e et une animation touristique plus riche.<\/p>\n<p>Donc vagabondage en ville puis sur le coup de 17h, il commence \u00e0 faire faim.<br \/>\nHe bien, trouver un truc rapide \u00e0 manger n&rsquo;est pas ais\u00e9. On s&rsquo;est rabattu sur l&rsquo;affineur de fromages du coin qui nous a pr\u00e9par\u00e9 un petit plateau fromages\/charcuteries que nous avons d\u00e9gust\u00e9 dans le petit train vapeur qui nous ramenait au Crotoy. Les autres voyageurs ont aussi d\u00e9gust\u00e9 au niveau olfactif.<br \/>\nOn \u00e9tait assez tranquille sur notre banquette au fin du wagon.<br \/>\nEnfin retour sur Rue en longeant le marai pour d\u00eener.<\/p>\n<h2>Visite de la c\u00f4te<\/h2>\n<div id=\"attachment_784\" style=\"width: 160px\" class=\"wp-caption alignright\"><a href=\"http:\/\/www.auduteau.net\/cyclo\/wp-content\/uploads\/P1000040.jpg\"><img aria-describedby=\"caption-attachment-784\" loading=\"lazy\" class=\"wp-image-784 size-thumbnail\" src=\"http:\/\/www.auduteau.net\/cyclo\/wp-content\/uploads\/P1000040-150x150.jpg\" alt=\"\" width=\"150\" height=\"150\" \/><\/a><p id=\"caption-attachment-784\" class=\"wp-caption-text\">Clayeux<\/p><\/div>\n<p>Le lendemain, il fallait rendre l&rsquo;appartement \u00e0 10h. Cela casse le rythme vu la remise des v\u00e9los sur le toit de la voiture.<br \/>\nCela ne nous a pas emp\u00each\u00e9 d&rsquo;aller visiter au del\u00e0 de Saint Val\u00e9ry. Et la piste cyclable longe la route pour atterrir au Clayeux.<br \/>\nLa station touristique dans toute sa splendeur. Aucun charme pour le cyclo-randonneur; par contre, pour le vacancier lambda, il y a de vastes espaces entre plage (de galets) et la ville pour laisser libre cours \u00e0 la jeunesse.<\/p>\n<p>On est revenu jusqu&rsquo;\u00e0 la pointe du Hourdel qui vaut le coup pour le paysage avec vue sur l&rsquo;ensemble de la baie.<br \/>\nPuis jusqu&rsquo;au cap Hornu o\u00f9 il n&rsquo;y a rien \u00e0 voir.<br \/>\nAvant de retourner dans nos p\u00e9nates.<\/p>\n<p>&nbsp;<\/p>\n<div id=\"attachment_785\" style=\"width: 160px\" class=\"wp-caption aligncenter\"><a href=\"http:\/\/www.auduteau.net\/cyclo\/wp-content\/uploads\/P1000052.jpg\"><img aria-describedby=\"caption-attachment-785\" loading=\"lazy\" class=\"wp-image-785 size-thumbnail\" src=\"http:\/\/www.auduteau.net\/cyclo\/wp-content\/uploads\/P1000052-150x150.jpg\" alt=\"\" width=\"150\" height=\"150\" \/><\/a><p id=\"caption-attachment-785\" class=\"wp-caption-text\">pointe du Hourdel<\/p><\/div>\n<p>Week-end agr\u00e9able mais p\u00e9daler face au vent au bonne partie de la journ\u00e9e n&rsquo;est pas royal pour une reprise.<\/p>\n<p>Cela nous a permis d&rsquo;essayer nos nouvelles montures et de constater que tout fonctionnait bien dans mon montage. B\u00e9a s&rsquo;est habitu\u00e9e \u00e0 son VAE et m&rsquo;a carr\u00e9ment mis des vents lorsque je peinais \u00e0 l&rsquo;avoir en face.<\/p>\n<p>\u00c0 refaire, mais ailleurs. On a tout vu ou presque.<\/p>\n<div id=\"attachment_786\" style=\"width: 235px\" class=\"wp-caption aligncenter\"><a href=\"http:\/\/www.auduteau.net\/cyclo\/wp-content\/uploads\/P1000075.jpg\"><img aria-describedby=\"caption-attachment-786\" loading=\"lazy\" class=\"wp-image-786 size-medium\" src=\"http:\/\/www.auduteau.net\/cyclo\/wp-content\/uploads\/P1000075-225x300.jpg\" alt=\"\" width=\"225\" height=\"300\" srcset=\"https:\/\/www.auduteau.net\/cyclo\/wp-content\/uploads\/P1000075-225x300.jpg 225w, https:\/\/www.auduteau.net\/cyclo\/wp-content\/uploads\/P1000075-576x768.jpg 576w, https:\/\/www.auduteau.net\/cyclo\/wp-content\/uploads\/P1000075.jpg 600w\" sizes=\"(max-width: 225px) 100vw, 225px\" \/><\/a><p id=\"caption-attachment-786\" class=\"wp-caption-text\">Papy \u00e0 son rythme<\/p><\/div>\n","protected":false},"excerpt":{"rendered":"<p>Galerie photos \u00c0 la base, pour ce week-end, l&rsquo;objectif \u00e9tait de faire le tour complet de la baie. Comme \u00e0 notre habitude, \u00e0 force de faire les choses au dernier moment, nous avons rat\u00e9 la r\u00e9servation de notre pied \u00e0 terre. \u00c0 l&rsquo;origine on ciblait central \u00e0 Noyelles sur mer pour op\u00e9rer des boucles vers [&hellip;]<\/p>\n","protected":false},"author":1,"featured_media":791,"parent":4,"menu_order":7,"comment_status":"closed","ping_status":"closed","template":"","meta":[],"jetpack_shortlink":"https:\/\/wp.me\/P80Whq-ct","jetpack_sharing_enabled":true,"jetpack-related-posts":[{"id":4,"url":"https:\/\/www.auduteau.net\/cyclo\/debut-de-lhistoire\/","url_meta":{"origin":773,"position":0},"title":"D\u00e9but de l&rsquo;histoire","date":"30 septembre 2016","format":false,"excerpt":"Apr\u00e8s avoir fait 20 ans de cabotage en mer (croisi\u00e8res c\u00f4ti\u00e8res en M\u00e9diterran\u00e9e et atlantique) nous nous sommes pos\u00e9s sur les c\u00f4tes et plages fran\u00e7aises pour passer nos vacances en s\u00e9dentaire avec nos filles. Quelque chose nous manquait. Cette s\u00e9dentarit\u00e9 ne nous correspondait pas totalement. Jusqu'au jour (2008) o\u00f9 mon\u2026","rel":"","context":"Article similaire","img":{"alt_text":"","src":"https:\/\/i0.wp.com\/www.auduteau.net\/cyclo\/wp-content\/uploads\/Map_Circuit-1.png?resize=350%2C200","width":350,"height":200},"classes":[]},{"id":1465,"url":"https:\/\/www.auduteau.net\/cyclo\/galeries-photos\/2017-baie-de-somme-galerie\/","url_meta":{"origin":773,"position":1},"title":"2017 Baie de Somme &#8211; Galerie","date":"11 septembre 2017","format":false,"excerpt":"","rel":"","context":"Article similaire","img":{"alt_text":"","src":"","width":0,"height":0},"classes":[]},{"id":1126,"url":"https:\/\/www.auduteau.net\/cyclo\/galeries-photos\/","url_meta":{"origin":773,"position":2},"title":"Galeries photos","date":"14 septembre 2017","format":false,"excerpt":"Cette section r\u00e9f\u00e9rence les diff\u00e9rentes galeries photos de nos voyages. 2022 - C\u00f4tes d'Armor 2021 - Les 3 lacs 2020 - Boucle Ile Bouchard - Nantes 2019 - Dax - 3 petites boucles 2018 - Dordogne-Gironde 2017 - Vall\u00e9es du Tarn et du Lot 2017 - Baie de Somme 2016\u2026","rel":"","context":"Article similaire","img":{"alt_text":"","src":"","width":0,"height":0},"classes":[]},{"id":85,"url":"https:\/\/www.auduteau.net\/cyclo\/cyclo-tourisme\/le-cyclo-tourisme-cest-un-budget\/","url_meta":{"origin":773,"position":3},"title":"Le cyclo-tourisme c&rsquo;est un budget","date":"25 septembre 2016","format":false,"excerpt":"Au d\u00e9part, Oui, quand il s'agit d'investir dans l'\u00e9quipement. Enfin nos v\u00e9los ne nous ont co\u00fbt\u00e9, d'occasion \u00e0 l'\u00e9poque, \u00e0 peine 100\u20ac pi\u00e8ce. C'est pour dire, qu'un simple biclou entretenu a suffi pendant 8 ans pour parcourir toute la fa\u00e7ade atlantique. Bref, un v\u00e9lo de supermarch\u00e9 \u00e0 350\u20ac suffit largement.\u2026","rel":"","context":"Article similaire","img":{"alt_text":"","src":"https:\/\/i0.wp.com\/www.auduteau.net\/cyclo\/wp-content\/uploads\/budget.jpg?resize=350%2C200&ssl=1","width":350,"height":200},"classes":[]},{"id":1779,"url":"https:\/\/www.auduteau.net\/cyclo\/debut-de-lhistoire\/2022-cotes-darmor\/","url_meta":{"origin":773,"position":4},"title":"2022 &#8211; C\u00f4tes d&rsquo;Armor","date":"1 octobre 2016","format":false,"excerpt":"Album Photos (94 photos) Trace circuit C\u00f4tes d'Armor Distance : 571,71km D\u00e9nivel\u00e9 Montant : 8129m D\u00e9nivel\u00e9 Descendant : 8213m Alt. max. : 268m (Col du Marhalla) Comme l\u2019ann\u00e9e derni\u00e8re nous embarquons notre bless\u00e9e en r\u00e9\u00e9ducation suite \u00e0 une fracture tibia-p\u00e9ron\u00e9. Elle nous suivra avec la voiture balai sur ce p\u00e9riple.\u2026","rel":"","context":"Article similaire","img":{"alt_text":"","src":"https:\/\/i0.wp.com\/www.auduteau.net\/cyclo\/wp-content\/uploads\/IMG_0619_22_08_2022-300x225.jpg?resize=350%2C200","width":350,"height":200},"classes":[]},{"id":2260,"url":"https:\/\/www.auduteau.net\/cyclo\/debut-de-lhistoire\/2025-alsace\/","url_meta":{"origin":773,"position":5},"title":"2025 &#8211; Alsace","date":"1 octobre 2016","format":false,"excerpt":"Distance : 450 Km D\u00e9nivel\u00e9 montant : 2778 m D\u00e9nivel\u00e9 descendant : 2769 m Apr\u00e8s avoir h\u00e9sit\u00e9 pour faire le tour des lacs Suisse, nous avons jet\u00e9 notre d\u00e9volu sur le tour de l\u2019Alsace. Et finalement, ce fut un tr\u00e8s bon choix. B\u00e9atrice se remettant toujours de sa chute de\u2026","rel":"","context":"Article similaire","img":{"alt_text":"","src":"https:\/\/i0.wp.com\/www.auduteau.net\/cyclo\/wp-content\/uploads\/IMG_9116-scaled.jpeg?resize=350%2C200&ssl=1","width":350,"height":200},"classes":[]}],"jetpack_likes_enabled":true,"_links":{"self":[{"href":"https:\/\/www.auduteau.net\/cyclo\/wp-json\/wp\/v2\/pages\/773"}],"collection":[{"href":"https:\/\/www.auduteau.net\/cyclo\/wp-json\/wp\/v2\/pages"}],"about":[{"href":"https:\/\/www.auduteau.net\/cyclo\/wp-json\/wp\/v2\/types\/page"}],"author":[{"embeddable":true,"href":"https:\/\/www.auduteau.net\/cyclo\/wp-json\/wp\/v2\/users\/1"}],"replies":[{"embeddable":true,"href":"https:\/\/www.auduteau.net\/cyclo\/wp-json\/wp\/v2\/comments?post=773"}],"version-history":[{"count":15,"href":"https:\/\/www.auduteau.net\/cyclo\/wp-json\/wp\/v2\/pages\/773\/revisions"}],"predecessor-version":[{"id":1469,"href":"https:\/\/www.auduteau.net\/cyclo\/wp-json\/wp\/v2\/pages\/773\/revisions\/1469"}],"up":[{"embeddable":true,"href":"https:\/\/www.auduteau.net\/cyclo\/wp-json\/wp\/v2\/pages\/4"}],"wp:featuredmedia":[{"embeddable":true,"href":"https:\/\/www.auduteau.net\/cyclo\/wp-json\/wp\/v2\/media\/791"}],"wp:attachment":[{"href":"https:\/\/www.auduteau.net\/cyclo\/wp-json\/wp\/v2\/media?parent=773"}],"curies":[{"name":"wp","href":"https:\/\/api.w.org\/{rel}","templated":true}]}}