{"id":216,"date":"2016-09-30T00:25:45","date_gmt":"2016-09-29T22:25:45","guid":{"rendered":"http:\/\/www.auduteau.net\/cyclo\/?page_id=216"},"modified":"2021-09-08T16:45:02","modified_gmt":"2021-09-08T14:45:02","slug":"2014-bourg-sur-gironde-le-teich","status":"publish","type":"page","link":"https:\/\/www.auduteau.net\/cyclo\/debut-de-lhistoire\/2014-bourg-sur-gironde-le-teich\/","title":{"rendered":"2014 : Bourg sur gironde -> Le Teich"},"content":{"rendered":"<h2 style=\"text-align: center;\"><a href=\"https:\/\/www.leroulard.com\/track\/57d9a0682ff87e6751f7d583#map\" target=\"_blank\" rel=\"noopener noreferrer\" class=\"broken_link\"><br \/>\n<\/a><a href=\"https:\/\/www.leroulard.com\/track\/57d9a0682ff87e6751f7d583#map\" target=\"_blank\" rel=\"noopener noreferrer\" class=\"broken_link\"><img loading=\"lazy\" class=\"wp-image-217 size-medium alignnone\" src=\"http:\/\/www.auduteau.net\/cyclo\/wp-content\/uploads\/2016\/09\/2014-map-300x300.png\" alt=\"2014-circuit\" width=\"300\" height=\"300\" srcset=\"https:\/\/www.auduteau.net\/cyclo\/wp-content\/uploads\/2016\/09\/2014-map-300x300.png 300w, https:\/\/www.auduteau.net\/cyclo\/wp-content\/uploads\/2016\/09\/2014-map-150x150.png 150w, https:\/\/www.auduteau.net\/cyclo\/wp-content\/uploads\/2016\/09\/2014-map.png 700w\" sizes=\"(max-width: 300px) 100vw, 300px\" \/><\/a><\/h2>\n<p style=\"text-align: center;\"><a href=\"https:\/\/www.leroulard.com\/track\/57d9a0682ff87e6751f7d583#map\" target=\"_blank\" rel=\"noopener noreferrer\" class=\"broken_link\">Voir le parcours<\/a><\/p>\n<ul>\n<li>Distance :\u00a0\u00a0\u00a0\u00a0\u00a0\u00a0\u00a0\u00a0\u00a0\u00a0\u00a0\u00a0\u00a0\u00a0\u00a0\u00a0\u00a0\u00a0\u00a0\u00a0\u00a0\u00a0\u00a0\u00a0 438 km<\/li>\n<\/ul>\n<p>Au d\u00e9part, on avait envisag\u00e9 de d\u00e9marrer \u00e0 Saint Andr\u00e9 de Cubzac. Mais nous avons choisi de parquer nos voitures chez la famille \u00e0 Saint Seurin de Bourg.<\/p>\n<h2>Etape de chauffe<\/h2>\n<p>ce premier jour est d\u00e9di\u00e9 \u00e0 la ballade. Direction les <a href=\"http:\/\/www.pair-non-pair.fr\/\" target=\"_blank\" rel=\"noopener noreferrer\">grottes de Pair non Pair<\/a> pour une visite de nos racines pr\u00e9historiques.<\/p>\n<p>Retour par la route longeant la Dordogne \u00e0 travers les vignes jusqu&rsquo;\u00e0 Bourg sur Gironde.<\/p>\n<p>Bourg n&rsquo;est pas bien grande, mais on s&rsquo;y prom\u00e8ne longtemps.Tour des remparts par le parc, <a href=\"http:\/\/www.bourg-gironde.fr\/tourisme\/chateau-de-citadelle\/\" target=\"_blank\" rel=\"noopener noreferrer\">Citadelle<\/a>, mus\u00e9e des cal\u00e8ches, centre ville, le port, le <span class=\"removed_link\" title=\"http:\/\/www.petit-patrimoine.com\/fiche-petit-patrimoine.php?id_pp=33067_4\">lavoir<\/span>, etc.<\/p>\n<p>On prend son temps et cela permet de commencer id\u00e9alement ce parcours.<\/p>\n<h2>Bourg -&gt; Blaye<\/h2>\n<p>L&rsquo;agr\u00e9ment des bords de Gironde est que l&rsquo;on est en ballade permanente avec paysages magnifiques et peu de circulation.<\/p>\n<p>Depart, sans forcer de St. Seurin, passage par Bayon.<\/p>\n<p>Halte d\u00e9jeuner \u00e0 Gauriac puis trace vers la <a href=\"http:\/\/www.plassac.fr\/decouvrir_villa_gallo_romaine.php\" target=\"_blank\" rel=\"noopener noreferrer\" class=\"broken_link\">villa Gallo-Romaine de Plassac<\/a>.<\/p>\n<p>Voil\u00e0 une halte comme on les aime. Une mise en valeur du patrimoine simple et bien r\u00e9alis\u00e9e, un petit mus\u00e9e avec vid\u00e9os bien con\u00e7ues. Bref, on s&rsquo;est \u00e9ternis\u00e9 un peu \u00e0 Plassac.<\/p>\n<p>Donc trace rapide vers Blaye est sa <a href=\"https:\/\/www.citadelledeblaye.fr\/\" target=\"_blank\" rel=\"noopener noreferrer\">citadelle<\/a>.<\/p>\n<p>Camping r\u00e9serv\u00e9 au c\u0153ur de la citadelle, ce qui nous a laiss\u00e9 la fin de journ\u00e9e et la nuit pour la visiter calmement.<\/p>\n<p>Journ\u00e9e parfaite.<\/p>\n<h2>Blaye -&gt; Saint Thomas de Conac<\/h2>\n<p>Une \u00e9tape \u00e0 travers les vignes avec contournement de la centrale nucl\u00e9aire et \u00e9vitement, le plus possible, de circuler sur la route d\u00e9partementale.<\/p>\n<p>Passage par Brau Saint Louis pour un d\u00e9jeuner rapide et visite rapide puis Saint Sorlin de Conac o\u00f9 nous bifurquons pour retrouver les bord de Gironde et rejoindre le camping de Saint Thomas de Conac.<\/p>\n<p>Accueil impeccable et plongeon dans la piscine bienvenu.<\/p>\n<h2>Saint Thomas de Conac -&gt;\u00a0Meschers sur Gironde<\/h2>\n<p>Demandez \u00e0 tous les gars du coin, il faut aller voir Talmont sur Gironde. C&rsquo;est un super village.<\/p>\n<p>C&rsquo;est vrai, mais eux, y vont hors saison. L\u00e0, c&rsquo;est l&rsquo;usine \u00e0 touristes et \u00e7a g\u00e2che beaucoup le d\u00e9cors.<\/p>\n<p>La route pour y parvenir est superbe surtout \u00e0 l&rsquo;arriv\u00e9e sur les falaises.<\/p>\n<p>la longue plage face au vent pour parvenir \u00e0 Meschers fut une torture.<\/p>\n<p>Pas d&#8217;emplacement au camping cible mais un mobil-home qui fut le bienvenu pour une premi\u00e8re lessive et surtout un repas gastronomique avec ouverture de la 1\u00e8re bouteille de ch\u00e2teau Beaulon que le chauffeur de la voiture suiveuse se devait de ramener.<\/p>\n<h2>Meschers -&gt; Breuillet<\/h2>\n<p>L&rsquo;objectif \u00e9tait de rejoindre le camps de base sans s&rsquo;arr\u00eater dans les usines \u00e0 touristes que sont Saint Georges de Didonne et Royan.<\/p>\n<p>On y a fl\u00e2n\u00e9, bien s\u00fbr, mais nous avons pr\u00e9f\u00e9r\u00e9 jeter notre d\u00e9volu sur les grottes de Regulus en partant de Meschers.<\/p>\n<p>Superbes grottes am\u00e9nag\u00e9e comme \u00e0 l&rsquo;\u00e9poque o\u00f9 elles \u00e9taient occup\u00e9es \u00e0 l&rsquo;ann\u00e9e.<\/p>\n<p>L&rsquo;arriv\u00e9e sur Breuillet, apr\u00e8s avoir travers\u00e9 Royan, est plus rude et tr\u00e8s circulante.<\/p>\n<p>Le camping \u00ab\u00a0la Belle \u00e9toile\u00a0\u00bb \u00e0 notre arriv\u00e9e nous para\u00eet terne et nous avons pr\u00e9vu d&rsquo;y rester 2 nuits. Erreur, tr\u00e8s bonne ambiance, grand emplacement sous bois et sanitaires impeccables. Du coup repas au resto du camping le second soir.<\/p>\n<h2>Breuillet -&gt; La tremblade -&gt; Breuillet<\/h2>\n<p>Pour cette premi\u00e8re boucle au d\u00e9part de Breuillet, nous avons opt\u00e9 pour un voyage aller en prenant le <a href=\"https:\/\/www.traindesmouettes.fr\/\" target=\"_blank\" rel=\"noopener noreferrer\" data-saferedirecturl=\"https:\/\/www.google.com\/url?hl=fr&amp;q=https:\/\/www.traindesmouettes.fr\/&amp;source=gmail&amp;ust=1499066560224000&amp;usg=AFQjCNHicFzB6KDDvAHZ2zRhfI76OZn4bw\">train des Mouette<\/a>s \u00e0 partir de la gare de Chaillevette direction La Tremblade (port de d\u00e9part de nombreuses croisi\u00e8res que nous avons faites en atlantique).<\/p>\n<p>Arriv\u00e9 \u00e0 La Tremblade, nous nous devions de retourner \u00ab\u00a0<a href=\"http:\/\/www.restaurant-chez-gaby.com\/\" target=\"_blank\" rel=\"noopener noreferrer\" data-saferedirecturl=\"https:\/\/www.google.com\/url?hl=fr&amp;q=http:\/\/www.restaurant-chez-gaby.com\/&amp;source=gmail&amp;ust=1499066560224000&amp;usg=AFQjCNG3MgOODXG_9lnTZmGvOTXVG-x2kQ\">Chez Gaby<\/a>\u00a0\u00bb ; notre cantine \u00e0 l&rsquo;\u00e9poque de nos croisi\u00e8res. Bien s\u00fbr, le chef a chang\u00e9, le patron aussi, le restaurant s&rsquo;est \u00e9toff\u00e9 aggrandi par une terrasse mais la cuisine y est toujours aussi bonne. Pas d\u00e9\u00e7u par cette halte souvenir.<\/p>\n<p>Reprendre la route, apr\u00e8s un bon repas est toujours difficile, surtout que l&rsquo;on avait pas pr\u00e9venu la troupe que l&rsquo;on ferait une cinquantaine de kilom\u00e8tres pour rentrer. Grand tour de la for\u00eat de la Coubre, la c\u00f4te sauvage avec une redescente sur Saint Palais en longeant la for\u00eat de Saint Augustin les Mathes pour finir par retourner sur Breuillet en \u00e9vitant, le plus possible, les routes circulantes.<\/p>\n<p>La r\u00e9bellion n&rsquo;\u00e9tait pas loin et la piscine du camping fut la bienvenue.<\/p>\n<h2>Breuillet -&gt; Ronces les bains-&gt; Mornac sur Seudre -&gt; Breuillet<\/h2>\n<p>Ayant fait le tour Ouest de la commune de la Tremblade la veille, nous d\u00e9cidons de remonter par l&rsquo;est sans prendre le train cette fois-ci. Trac\u00e9 aux nombreux d\u00e9tours au travers du marais et des parcs \u00e0 huitres.<\/p>\n<p>Et de nouveau, nous visitons La Tremblade pour y pique-niquer le long de la Seudre. Le groupe se scinde en deux. Les uns pr\u00e9f\u00e9rant aller sommeiller \u00e0 la piscine du camping, les autres continuant l&rsquo;exploration.<\/p>\n<p>Et bien, Ronces les Bains, circulez, il n&rsquo;y a rien \u00e0 voir, sauf le plaisir de circuler au travers des parcs \u00e0 huitres au d\u00e9part de La Tremblade. Du coup, nous sommes aussi rentr\u00e9s pour l\u00e9zarder au bord de la piscine.<\/p>\n<p>Au d\u00e9tail pr\u00e8s que nous avons pouss\u00e9 au retour jusqu&rsquo;\u00e0 <a href=\"http:\/\/www.tourisme-mornac-sur-seudre.fr\/\" target=\"_blank\" rel=\"noopener noreferrer\" data-saferedirecturl=\"https:\/\/www.google.com\/url?hl=fr&amp;q=http:\/\/www.tourisme-mornac-sur-seudre.fr\/&amp;source=gmail&amp;ust=1499066560224000&amp;usg=AFQjCNH69XOhgz4uea22Df0BU3-UTVzf9g\">Mornac sur Seudre<\/a>\u00a0 ; village plein de charme que nous avons parcouru de long en large jusqu&rsquo;\u00e0 la Seudre. C&rsquo;\u00e9tait <strong>LE<\/strong> <strong>village<\/strong> \u00e0 voir sur cette journ\u00e9e.<\/p>\n<p>Du coup, nous sommes arriv\u00e9s au camping vers les 20h30 pensant le repas pr\u00e9par\u00e9 par le groupe de baigneurs.<\/p>\n<p>Que nenni. R\u00e9sultat : resto du camping.<\/p>\n<p><strong>Breuillet -&gt; Montalivet les bains<\/strong><\/p>\n<p>Le lendemain avait pour objectif de traverser l&rsquo;estuaire de la Gironde par le bac.<\/p>\n<p>Nous rattrapons donc Saint Palais sur mer et longeons la c\u00f4te jusqu&rsquo;\u00e0 Royan. La c\u00f4te est magnifique. Les maisons qui la bordent aussi.<\/p>\n<p>Arriv\u00e9 \u00e0 la Pointe de Grave, nous descendons sur Souillac sur mer puis sur Montalivet les bains. Cette seconde partie du trajet ne nous a pas laiss\u00e9 un grand souvenir d&rsquo;autant plus que le camping \u00ab\u00a0Le Soleil d&rsquo;Or\u00a0\u00bb est tout simplement une horreur \u00e0 \u00e9viter.<\/p>\n<p>Bref apr\u00e8s midi \u00e0 oublier.<\/p>\n<h2>Montalivet les bains -&gt; Maubuisson<\/h2>\n<p>D\u00e9part \u00e0 l&rsquo;aube, le lendemain (le bar du camping n&rsquo;\u00e9tait m\u00eame pas encore ouvert pour prendre le pain), pour une route toute en longues pistes cyclables droites. Une pause \u00e0 Hourtin Plage pour d\u00e9jeuner et on repart vers Carcan Plage pour bifurquer sur Maubuisson en bord de lac d&rsquo;Hourtin et de Carcan.<\/p>\n<p>On a pas cherch\u00e9 le camping mais plut\u00f4t le plongeon dans le lac et la bronzette sur la plage de sable au soleil couchant.<br \/>\nOn a bien fait de trainasser, car le camping \u00ab\u00a0Le Maubuisson\u00a0\u00bb fut la deuxi\u00e8me horreur de ce circuit.<\/p>\n<p>suite du r\u00e9cit \u00e0 venir&#8230;<\/p>\n","protected":false},"excerpt":{"rendered":"<p>Voir le parcours Distance :\u00a0\u00a0\u00a0\u00a0\u00a0\u00a0\u00a0\u00a0\u00a0\u00a0\u00a0\u00a0\u00a0\u00a0\u00a0\u00a0\u00a0\u00a0\u00a0\u00a0\u00a0\u00a0\u00a0\u00a0 438 km Au d\u00e9part, on avait envisag\u00e9 de d\u00e9marrer \u00e0 Saint Andr\u00e9 de Cubzac. Mais nous avons choisi de parquer nos voitures chez la famille \u00e0 Saint Seurin de Bourg. Etape de chauffe ce premier jour est d\u00e9di\u00e9 \u00e0 la ballade. Direction les grottes de Pair non Pair pour une [&hellip;]<\/p>\n","protected":false},"author":1,"featured_media":0,"parent":4,"menu_order":4,"comment_status":"closed","ping_status":"closed","template":"","meta":[],"jetpack_shortlink":"https:\/\/wp.me\/P80Whq-3u","jetpack_sharing_enabled":true,"jetpack-related-posts":[{"id":4,"url":"https:\/\/www.auduteau.net\/cyclo\/debut-de-lhistoire\/","url_meta":{"origin":216,"position":0},"title":"D\u00e9but de l&rsquo;histoire","date":"30 septembre 2016","format":false,"excerpt":"Apr\u00e8s avoir fait 20 ans de cabotage en mer (croisi\u00e8res c\u00f4ti\u00e8res en M\u00e9diterran\u00e9e et atlantique) nous nous sommes pos\u00e9s sur les c\u00f4tes et plages fran\u00e7aises pour passer nos vacances en s\u00e9dentaire avec nos filles. Quelque chose nous manquait. Cette s\u00e9dentarit\u00e9 ne nous correspondait pas totalement. Jusqu'au jour (2008) o\u00f9 mon\u2026","rel":"","context":"Article similaire","img":{"alt_text":"","src":"https:\/\/i0.wp.com\/www.auduteau.net\/cyclo\/wp-content\/uploads\/Map_Circuit-1.png?resize=350%2C200","width":350,"height":200},"classes":[]},{"id":2102,"url":"https:\/\/www.auduteau.net\/cyclo\/debut-de-lhistoire\/2023-ille-et-vilaine\/","url_meta":{"origin":216,"position":1},"title":"2023 &#8211; Ille et Vilaine","date":"1 octobre 2016","format":false,"excerpt":"-> Galerie Photos Ille et Vilaine Nous avions \u00e9tabli notre camp de base \u00e0 Plo\u00ebrmel dans l\u2019enceinte de la communaut\u00e9 des Fr\u00e8res de la Mennais qui permettent aux randonneurs de trouver le g\u00eete lorsque les locaux ne sont pas occup\u00e9s par un s\u00e9minaire ou cession de formation. Ils ont \u00e9t\u00e9\u2026","rel":"","context":"Article similaire","img":{"alt_text":"","src":"https:\/\/i0.wp.com\/www.auduteau.net\/cyclo\/wp-content\/uploads\/Malestroit_IMG_3747.jpg?resize=350%2C200&ssl=1","width":350,"height":200},"classes":[]},{"id":1395,"url":"https:\/\/www.auduteau.net\/cyclo\/debut-de-lhistoire\/2019-dax-3-petites-boucles\/","url_meta":{"origin":216,"position":2},"title":"2019 &#8211; DAX &#8211; 3 petites boucles","date":"1 octobre 2016","format":false,"excerpt":"Galerie photos Circuit estival 2019 tr\u00e8s court du fait que ma femme se soit fait renvers\u00e9e par un scooter 3 mois avant. Donc, un point fixe et quelques vir\u00e9es dans la r\u00e9gion. Cassen Mugron Montfort en Chalosse Saint Vincent de Paul Pontonx sur Adour Buglose Tout va tourner autour Cassens,\u2026","rel":"","context":"Article similaire","img":{"alt_text":"","src":"https:\/\/i0.wp.com\/www.auduteau.net\/cyclo\/wp-content\/uploads\/Dax-3-boucles.jpg?resize=350%2C200","width":350,"height":200},"classes":[]},{"id":191,"url":"https:\/\/www.auduteau.net\/cyclo\/debut-de-lhistoire\/2012-pyla-sur-mer-a-hendaye\/","url_meta":{"origin":216,"position":3},"title":"2012 : Pyla sur mer \u00e0 Hendaye","date":"30 septembre 2016","format":false,"excerpt":"Voir le parcours Distance :\u00a0\u00a0\u00a0\u00a0\u00a0\u00a0\u00a0\u00a0\u00a0\u00a0\u00a0\u00a0\u00a0\u00a0\u00a0\u00a0\u00a0\u00a0\u00a0\u00a0\u00a0\u00a0\u00a0\u00a0 285 km D\u00e9nivel\u00e9 Montant\u00a0\u00a0\u00a0\u00a0\u00a0 : 3 002 m D\u00e9nivel\u00e9\u00a0 descendant: 3 032 m Altitude maximum \u00a0 \u00a0 :\u00a0\u00a0\u00a0\u00a0 203 m Altitude minimum \u00a0 \u00a0 : \u00a0 \u00a0 \u00a0\u00a0\u00a0\u00a0 0 m Originellement, nous devions rejoindre Saint S\u00e9bastien mais la journ\u00e9e Espelette \u00e0 Ascain en passant par\u2026","rel":"","context":"Article similaire","img":{"alt_text":"","src":"https:\/\/i0.wp.com\/www.auduteau.net\/cyclo\/wp-content\/uploads\/2016\/09\/2012-map-300x300.png?resize=350%2C200","width":350,"height":200},"classes":[]},{"id":505,"url":"https:\/\/www.auduteau.net\/cyclo\/debut-de-lhistoire\/2015-sables-dolonne-carnac\/","url_meta":{"origin":216,"position":4},"title":"2015 : Sables d&rsquo;Olonne &#8211; Carnac","date":"30 septembre 2016","format":false,"excerpt":"Voir le parcours Distance : 432 km D\u00e9nivel\u00e9 montant\u00a0 : 3 274 m D\u00e9nivel\u00e9\u00a0 descendant : 3 392 m Alt. max. : 54 m Alt. min. : -1 m L'objectif originel \u00e9tait Quiberon. Mais comme toujours, les circonstances am\u00e8nent quelques am\u00e9nagements. Nous aurions pu repartir du Lidon, notre derni\u00e8re \u00e9tape\u2026","rel":"","context":"Article similaire","img":{"alt_text":"","src":"https:\/\/i0.wp.com\/www.auduteau.net\/cyclo\/wp-content\/uploads\/2016\/10\/2015-map-300x300.png?resize=350%2C200","width":350,"height":200},"classes":[]},{"id":119,"url":"https:\/\/www.auduteau.net\/cyclo\/cyclo-tourisme\/les-voies-vertes\/","url_meta":{"origin":216,"position":5},"title":"Les voies vertes","date":"25 septembre 2016","format":false,"excerpt":"Il existe un r\u00e9seau de voies vertes qui se d\u00e9veloppe en France. Mais toutes ne sont pas s\u00e9curis\u00e9es et d\u00e9di\u00e9es au v\u00e9lo (ou partag\u00e9s promeneur\/V\u00e9lo\/Roller...). Et toutes les voies cyclables ne sont pas forcements r\u00e9f\u00e9renc\u00e9es. On entre dans le domaine r\u00e9gional. Savoir avec exactitude l'\u00e9tendu du r\u00e9seau dans la\/les r\u00e9gion(s)\u2026","rel":"","context":"Article similaire","img":{"alt_text":"","src":"https:\/\/i0.wp.com\/www.auduteau.net\/cyclo\/wp-content\/uploads\/176F68FE-3B8C-4EC1-BD68-7E6FA90B3824-265x300.jpeg?resize=350%2C200","width":350,"height":200},"classes":[]}],"jetpack_likes_enabled":true,"_links":{"self":[{"href":"https:\/\/www.auduteau.net\/cyclo\/wp-json\/wp\/v2\/pages\/216"}],"collection":[{"href":"https:\/\/www.auduteau.net\/cyclo\/wp-json\/wp\/v2\/pages"}],"about":[{"href":"https:\/\/www.auduteau.net\/cyclo\/wp-json\/wp\/v2\/types\/page"}],"author":[{"embeddable":true,"href":"https:\/\/www.auduteau.net\/cyclo\/wp-json\/wp\/v2\/users\/1"}],"replies":[{"embeddable":true,"href":"https:\/\/www.auduteau.net\/cyclo\/wp-json\/wp\/v2\/comments?post=216"}],"version-history":[{"count":18,"href":"https:\/\/www.auduteau.net\/cyclo\/wp-json\/wp\/v2\/pages\/216\/revisions"}],"predecessor-version":[{"id":1432,"href":"https:\/\/www.auduteau.net\/cyclo\/wp-json\/wp\/v2\/pages\/216\/revisions\/1432"}],"up":[{"embeddable":true,"href":"https:\/\/www.auduteau.net\/cyclo\/wp-json\/wp\/v2\/pages\/4"}],"wp:attachment":[{"href":"https:\/\/www.auduteau.net\/cyclo\/wp-json\/wp\/v2\/media?parent=216"}],"curies":[{"name":"wp","href":"https:\/\/api.w.org\/{rel}","templated":true}]}}