{"id":119,"date":"2016-09-25T19:40:21","date_gmt":"2016-09-25T17:40:21","guid":{"rendered":"http:\/\/www.auduteau.net\/cyclo\/?page_id=119"},"modified":"2022-09-02T12:03:02","modified_gmt":"2022-09-02T10:03:02","slug":"les-voies-vertes","status":"publish","type":"page","link":"https:\/\/www.auduteau.net\/cyclo\/cyclo-tourisme\/les-voies-vertes\/","title":{"rendered":"Les voies vertes"},"content":{"rendered":"<div>\n<p>Il existe un r\u00e9seau de voies vertes qui se d\u00e9veloppe en France.<\/p>\n<\/div>\n<div>Mais toutes ne sont pas s\u00e9curis\u00e9es et d\u00e9di\u00e9es au v\u00e9lo (ou partag\u00e9s promeneur\/V\u00e9lo\/Roller&#8230;).<\/div>\n<div><\/div>\n<div>Et toutes les voies cyclables ne sont pas forcements r\u00e9f\u00e9renc\u00e9es. On entre dans le domaine r\u00e9gional.<\/div>\n<div>Savoir avec exactitude l&rsquo;\u00e9tendu du r\u00e9seau dans la\/les r\u00e9gion(s) cibl\u00e9e(s) tient un peu du parcours du combattant.<\/div>\n<div>\n<div id=\"attachment_1198\" style=\"width: 275px\" class=\"wp-caption alignright\"><a href=\"http:\/\/www.auduteau.net\/cyclo\/wp-content\/uploads\/176F68FE-3B8C-4EC1-BD68-7E6FA90B3824.jpeg\"><img aria-describedby=\"caption-attachment-1198\" loading=\"lazy\" class=\"size-medium wp-image-1198\" src=\"http:\/\/www.auduteau.net\/cyclo\/wp-content\/uploads\/176F68FE-3B8C-4EC1-BD68-7E6FA90B3824-265x300.jpeg\" alt=\"Voies vertes europ\u00e9ennes\" width=\"265\" height=\"300\" srcset=\"https:\/\/www.auduteau.net\/cyclo\/wp-content\/uploads\/176F68FE-3B8C-4EC1-BD68-7E6FA90B3824-265x300.jpeg 265w, https:\/\/www.auduteau.net\/cyclo\/wp-content\/uploads\/176F68FE-3B8C-4EC1-BD68-7E6FA90B3824.jpeg 631w\" sizes=\"(max-width: 265px) 100vw, 265px\" \/><\/a><p id=\"caption-attachment-1198\" class=\"wp-caption-text\">Voies vertes europ\u00e9ennes<\/p><\/div>\n<\/div>\n<div>On a l\u2019air ridicule au niveau europ\u00e9en<\/div>\n<div><\/div>\n<div><\/div>\n<div>Il n&rsquo;y a pas, \u00e0 mon sens, de v\u00e9ritable initiative nationale et le d\u00e9veloppement du tourisme vert \u00e0 v\u00e9lo est le plus souvent la seconde roue du carrosse \u00a0des r\u00e9gions alors que les retomb\u00e9es \u00e9conomiques sont estim\u00e9es \u00e0 75\u20ac\/j par personnes(en 2016).<\/div>\n<h3>Deux exemples :<\/h3>\n<div style=\"padding-left: 30px;\"><u>Le pont de Saint Nazaire\u00a0<\/u><\/div>\n<div style=\"padding-left: 30px;\"><\/div>\n<div style=\"padding-left: 30px;\">Le pont de Saint Nazaire est une tuerie pour le cycliste lambda. Il existait ant\u00e9rieurement un passeur fluvial que la r\u00e9gion a arr\u00eat\u00e9 car directement non rentable (en vert sur la carte).<\/div>\n<div style=\"padding-left: 30px;\">\n<p>R\u00e9sultat, le Cyclo randonneur est oblig\u00e9 de remonter jusqu&rsquo;\u00e0 Nantes pour passer l&rsquo;estuaire de la Loire s&rsquo;il ne s&rsquo;int\u00e9resse pas aux transports en commun (r\u00e9seau de bus permettant le transport des v\u00e9los). Et pourtant la v\u00e9loroute \u00ab\u00a0la Loire \u00e0 V\u00e9lo (LV) termine\/commence bien \u00e0 Saint Nazaire.<\/p>\n<\/div>\n<div style=\"padding-left: 30px;\"><\/div>\n<div style=\"padding-left: 30px;\">\n<div id=\"attachment_767\" style=\"width: 310px\" class=\"wp-caption aligncenter\"><a href=\"http:\/\/www.auduteau.net\/cyclo\/wp-content\/uploads\/Saint_Nazaire.png\"><img aria-describedby=\"caption-attachment-767\" loading=\"lazy\" class=\"size-medium wp-image-767\" src=\"http:\/\/www.auduteau.net\/cyclo\/wp-content\/uploads\/Saint_Nazaire-300x151.png\" alt=\"\" width=\"300\" height=\"151\" srcset=\"https:\/\/www.auduteau.net\/cyclo\/wp-content\/uploads\/Saint_Nazaire-300x151.png 300w, https:\/\/www.auduteau.net\/cyclo\/wp-content\/uploads\/Saint_Nazaire.png 708w\" sizes=\"(max-width: 300px) 100vw, 300px\" \/><\/a><p id=\"caption-attachment-767\" class=\"wp-caption-text\">Pont de Saint-Nazaire<\/p><\/div>\n<\/div>\n<div style=\"padding-left: 30px;\"><\/div>\n<div style=\"padding-left: 30px;\"><u>La noue fromagette<\/u><\/div>\n<div style=\"padding-left: 30px;\"><\/div>\n<div style=\"padding-left: 30px;\">Le trac\u00e9 originel de la V\u00e9lodiss\u00e9e (Voie verte Hendaye-&gt;Roscoff) passait au travers de la lande et permettait de rejoindre le Passage du Gois \u00e0 Fromentine \u00a0sans passer par la route dans les terres tr\u00e8s passante l&rsquo;\u00e9t\u00e9.<\/div>\n<div style=\"padding-left: 30px;\">\n<p>La construction d&rsquo;une passerelle pi\u00e9ton\/v\u00e9lo au-dessus de la rivi\u00e8re du \u00ab\u00a0Grand \u00c9tier de Sallertaine\u00a0\u00bb devait permettre de faire le lien. Les lobbyings \u00e9cologistes ont milit\u00e9 sur le fait que cette passerelle allait d\u00e9ranger les poissons. Ils ont gagn\u00e9. R\u00e9sultat, il faut passer par cette gal\u00e8re de route mal am\u00e9nag\u00e9e et dangereuse avec des enfants l&rsquo;\u00e9t\u00e9.<\/p>\n<\/div>\n<div style=\"padding-left: 30px;\">\n<p>Cela ne s&rsquo;arr\u00eate pas l\u00e0. Ci-dessous les trac\u00e9s de l&rsquo;EV1 tels que pr\u00e9vus avant 2015 (Bleu), en 2015 (Rouge vif) et tels qu&rsquo;en 2017. Donc, aujourd&rsquo;hui, il va falloir caler votre passage avec la mar\u00e9e car l&rsquo;EV1 passe par le Gois.<\/p>\n<div id=\"attachment_765\" style=\"width: 310px\" class=\"wp-caption aligncenter\"><a href=\"http:\/\/www.auduteau.net\/cyclo\/wp-content\/uploads\/La_Noue_Fromagette.png\"><img aria-describedby=\"caption-attachment-765\" loading=\"lazy\" class=\"size-medium wp-image-765\" src=\"http:\/\/www.auduteau.net\/cyclo\/wp-content\/uploads\/La_Noue_Fromagette-300x250.png\" alt=\"\" width=\"300\" height=\"250\" srcset=\"https:\/\/www.auduteau.net\/cyclo\/wp-content\/uploads\/La_Noue_Fromagette-300x250.png 300w, https:\/\/www.auduteau.net\/cyclo\/wp-content\/uploads\/La_Noue_Fromagette-768x640.png 768w, https:\/\/www.auduteau.net\/cyclo\/wp-content\/uploads\/La_Noue_Fromagette.png 774w\" sizes=\"(max-width: 300px) 100vw, 300px\" \/><\/a><p id=\"caption-attachment-765\" class=\"wp-caption-text\">Ev1 \u00e0 fromentine<\/p><\/div>\n<\/div>\n<div><\/div>\n<div>Je ne pense pas qu&rsquo;il serai tr\u00e8s compliqu\u00e9 de d\u00e9velopper un site national ou chaque commune recense ces voies cyclables et partag\u00e9es avec code couleur pour distinguer les voies d\u00e9di\u00e9es, des partag\u00e9s ou des routes.<\/div>\n<div><\/div>\n<div>Une tentative ??? qui tombait en lien mort : <a href=\"http:\/\/www.departements-regions-cyclables.org\/\" target=\"_blank\" rel=\"noopener noreferrer\" data-saferedirecturl=\"https:\/\/www.google.com\/url?hl=fr&amp;q=http:\/\/www.departements-regions-cyclables.org\/page\/observatoire-national-des-veloroutes-voies-vertes--p-92.html&amp;source=gmail&amp;ust=1475059106743000&amp;usg=AFQjCNH5Yo5IoqzdwH04RPuBiKI6HNTZxg\">http:\/\/www.departements-<wbr \/>regions-cyclables.org\/<\/a><\/div>\n<div><\/div>\n<div>Fermons cet apart\u00e9.<\/div>\n<div><\/div>\n<div>Il nous faudra donc chercher, sur le net, chaque itin\u00e9raire propos\u00e9 par presque chaque r\u00e9gion (voire commune).<\/div>\n<div><\/div>\n<div>Des initiatives nationales existent quand m\u00eame.<\/div>\n<div>\n<div>La majorit\u00e9 des plateformes sont issus d&rsquo;initiatives de professionnels du tourisme (aid\u00e9s par l&rsquo;\u00e9tat). Leurs int\u00e9r\u00eats ne sont pas forc\u00e9ment les n\u00f4tres.<\/div>\n<\/div>\n<h2><u>Les sites relatifs aux voies vertes <\/u>:<\/h2>\n<ul>\n<li><a href=\"http:\/\/www.voiesvertes.com\/\" target=\"_blank\" rel=\"noopener noreferrer\">Af3V<\/a> Association militant pour le d\u00e9veloppement des voies vertes.<\/li>\n<li><a href=\"https:\/\/fr.m.wikipedia.org\/wiki\/Liste_des_voies_vertes_et_des_v%C3%A9loroutes_de_France\" target=\"_blank\" rel=\"noopener noreferrer\">Wikipedia<\/a>\u00a0Article sur le d\u00e9veloppement des voies vertes en France.<\/li>\n<li><a href=\"http:\/\/www.au5v.fr\/\" target=\"_blank\" rel=\"noopener noreferrer\">Au5V<\/a> Association des usagers de la vall\u00e9e de l&rsquo;Oise.<\/li>\n<li><a href=\"http:\/\/www.voiesvertes.com\/\" target=\"_blank\" rel=\"noopener noreferrer\">Voies vertes<\/a> Carte interactive pointant sur des sites g\u00e9n\u00e9riques.<\/li>\n<\/ul>\n<h3>Les sites priv\u00e9s<\/h3>\n<ul>\n<li><a href=\"http:\/\/www.ma-voie-verte.fr\/carte-interactive-voies-vertes-pistes-cyclables-velib-itineraires-circuits-velo\" target=\"_blank\" rel=\"noopener noreferrer\">Ma voie verte<\/a><\/li>\n<li><a href=\"http:\/\/www.francevelotourisme.com\/\" target=\"_blank\" rel=\"noopener noreferrer\">France v\u00e9lo tourisme<\/a>\u00a0Mis volontairement dans le priv\u00e9 car il est de la volont\u00e9 de professionnels du tourisme m\u00eame aid\u00e9 par l&rsquo;\u00e9tat.<\/li>\n<\/ul>\n<h3>Les sites collaboratifs<\/h3>\n<div>\n<p>O\u00f9 les cyclo-randonneurs d\u00e9posent leurs traces de voyage.<\/p>\n<\/div>\n<div>Exemple : <a href=\"https:\/\/www.leroulard.com\/\" target=\"_blank\" rel=\"noopener noreferrer\" class=\"broken_link\">le roulard<\/a>.<\/div>\n<div><\/div>\n<div>Une liste non exhaustive est \u00e9galement r\u00e9f\u00e9renc\u00e9e dans les <a href=\"http:\/\/www.auduteau.net\/cyclo\/liens-utiles\/\">liens utiles<\/a> et la page <a href=\"http:\/\/www.auduteau.net\/cyclo\/les-preparatifs\/\">Pr\u00e9paratifs<\/a>.<\/div>\n<div>\n<h3>Les blogs retra\u00e7ant les exp\u00e9riences des cyclo-randonneurs.<\/h3>\n<ul>\n<li><a href=\"http:\/\/www.esaracco.fr\/\" target=\"_blank\" rel=\"noopener noreferrer\">Emmanuel Saracco<\/a><\/li>\n<li><a href=\"http:\/\/autourde.lamigration.com\/\" target=\"_blank\" rel=\"noopener noreferrer\">Autour de la migration<\/a><\/li>\n<li><a href=\"http:\/\/worldride.fr\/\" target=\"_blank\" rel=\"noopener noreferrer\">Worldride<\/a><\/li>\n<\/ul>\n<\/div>\n","protected":false},"excerpt":{"rendered":"<p>Il existe un r\u00e9seau de voies vertes qui se d\u00e9veloppe en France. Mais toutes ne sont pas s\u00e9curis\u00e9es et d\u00e9di\u00e9es au v\u00e9lo (ou partag\u00e9s promeneur\/V\u00e9lo\/Roller&#8230;). Et toutes les voies cyclables ne sont pas forcements r\u00e9f\u00e9renc\u00e9es. On entre dans le domaine r\u00e9gional. Savoir avec exactitude l&rsquo;\u00e9tendu du r\u00e9seau dans la\/les r\u00e9gion(s) cibl\u00e9e(s) tient un peu du [&hellip;]<\/p>\n","protected":false},"author":1,"featured_media":0,"parent":8,"menu_order":5,"comment_status":"closed","ping_status":"closed","template":"","meta":[],"jetpack_shortlink":"https:\/\/wp.me\/P80Whq-1V","jetpack_sharing_enabled":true,"jetpack-related-posts":[{"id":147,"url":"https:\/\/www.auduteau.net\/cyclo\/cyclo-tourisme\/quid-des-voyagistes\/","url_meta":{"origin":119,"position":0},"title":"Quid des voyagistes ?","date":"25 septembre 2016","format":false,"excerpt":"Ce sont bien \u00e9videmment les Hollandais qui ont d\u00e9velopp\u00e9 cette forme de tourisme tout en un. Leurs r\u00e9seaux s'\u00e9tend sur toute l'Europe et leurs permet de s'abstraire des contraintes de transport de v\u00e9lo et de mat\u00e9riels. Les fran\u00e7ais ne sont pas en reste et ont d\u00e9velopp\u00e9 localement diff\u00e9rentes formules offrant,\u2026","rel":"","context":"Article similaire","img":{"alt_text":"","src":"","width":0,"height":0},"classes":[]},{"id":1395,"url":"https:\/\/www.auduteau.net\/cyclo\/debut-de-lhistoire\/2019-dax-3-petites-boucles\/","url_meta":{"origin":119,"position":1},"title":"2019 &#8211; DAX &#8211; 3 petites boucles","date":"1 octobre 2016","format":false,"excerpt":"Galerie photos Circuit estival 2019 tr\u00e8s court du fait que ma femme se soit fait renvers\u00e9e par un scooter 3 mois avant. Donc, un point fixe et quelques vir\u00e9es dans la r\u00e9gion. Cassen Mugron Montfort en Chalosse Saint Vincent de Paul Pontonx sur Adour Buglose Tout va tourner autour Cassens,\u2026","rel":"","context":"Article similaire","img":{"alt_text":"","src":"https:\/\/i0.wp.com\/www.auduteau.net\/cyclo\/wp-content\/uploads\/Dax-3-boucles.jpg?resize=350%2C200","width":350,"height":200},"classes":[]},{"id":1298,"url":"https:\/\/www.auduteau.net\/cyclo\/debut-de-lhistoire\/2020-boucle-ile-bouchard-nantes\/","url_meta":{"origin":119,"position":2},"title":"2020 &#8211; Boucle Ile Bouchard &#8211; Nantes","date":"1 octobre 2016","format":false,"excerpt":"Fichier de ressources\u00a0- Album Photos Voir le parcours Distance : 510,7km D\u00e9nivel\u00e9 + : 4542m D\u00e9nivel\u00e9 - : 4582m Alt. max. : 115m Pour cette ann\u00e9e, Nous avons choisi un parcours plut\u00f4t facile. Principalement du fait que notre groupe est constitu\u00e9 de deux infirmi\u00e8res fortement sollicit\u00e9es avec le covid et\u2026","rel":"","context":"Article similaire","img":{"alt_text":"","src":"https:\/\/i0.wp.com\/www.auduteau.net\/cyclo\/wp-content\/uploads\/Circuit_Ile-bouchard-Nantes.jpg?resize=350%2C200","width":350,"height":200},"classes":[]},{"id":116,"url":"https:\/\/www.auduteau.net\/cyclo\/cyclo-tourisme\/faut-etre-malade-pour-pedaler-en-plein-cagnard\/","url_meta":{"origin":119,"position":3},"title":"Faut \u00eatre malade pour p\u00e9daler en plein cagnard !","date":"25 septembre 2016","format":false,"excerpt":"Et puis c'est dur, il y a des mont\u00e9es. On a la chance d'\u00eatre dans un pays vert o\u00f9 les arbres ne manquent pas. Les voies cyclables sont souvent implant\u00e9es dans des espaces de verdure. Donc, nous sommes plus \u00e0 l'ombre que le baigneur. D'autre part, nous g\u00e9n\u00e9rons du vent\u2026","rel":"","context":"Article similaire","img":{"alt_text":"","src":"","width":0,"height":0},"classes":[]},{"id":698,"url":"https:\/\/www.auduteau.net\/cyclo\/cyclo-tourisme\/de-la-securite-du-mon-velo\/","url_meta":{"origin":119,"position":4},"title":"De la s\u00e9curit\u00e9 de mon v\u00e9lo","date":"25 septembre 2016","format":false,"excerpt":"Selon les chiffres estim\u00e9s, environ 500 000 v\u00e9los auraient \u00e9t\u00e9 vol\u00e9s en 2016 soit 1369 par jour (article Le Parisien). Seulement 5% font l'objet d'une plainte d\u00e9pos\u00e9e du fait que les gens pensent qu'ils ne le r\u00e9cup\u00e9reront jamais. Pour m\u00e9moire, en 2016, il s'est vol\u00e9 110 000 voitures constat\u00e9 par\u2026","rel":"","context":"Article similaire","img":{"alt_text":"","src":"https:\/\/i0.wp.com\/www.auduteau.net\/cyclo\/wp-content\/uploads\/IMG_8021.jpg?resize=350%2C200&ssl=1","width":350,"height":200},"classes":[]},{"id":1950,"url":"https:\/\/www.auduteau.net\/cyclo\/cyclo-tourisme\/piste-et-bande-cyclable\/","url_meta":{"origin":119,"position":5},"title":"Les pistes et bandes cyclables","date":"25 septembre 2016","format":false,"excerpt":"Tout d\u2019abord, une d\u00e9finition, ensuite la r\u00e9glementation. La piste cyclable L\u2019article R110-2 du code de la route d\u00e9finit la piste cyclable comme \u00e9tant une \u00ab chauss\u00e9e exclusivement r\u00e9serv\u00e9e aux cycles \u00e0 deux ou trois roues et aux engins de d\u00e9placement personnel motoris\u00e9s \u00bb (y compris ceux \u00e0 p\u00e9dalage assist\u00e9), conduits\u2026","rel":"","context":"Article similaire","img":{"alt_text":"","src":"","width":0,"height":0},"classes":[]}],"jetpack_likes_enabled":true,"_links":{"self":[{"href":"https:\/\/www.auduteau.net\/cyclo\/wp-json\/wp\/v2\/pages\/119"}],"collection":[{"href":"https:\/\/www.auduteau.net\/cyclo\/wp-json\/wp\/v2\/pages"}],"about":[{"href":"https:\/\/www.auduteau.net\/cyclo\/wp-json\/wp\/v2\/types\/page"}],"author":[{"embeddable":true,"href":"https:\/\/www.auduteau.net\/cyclo\/wp-json\/wp\/v2\/users\/1"}],"replies":[{"embeddable":true,"href":"https:\/\/www.auduteau.net\/cyclo\/wp-json\/wp\/v2\/comments?post=119"}],"version-history":[{"count":24,"href":"https:\/\/www.auduteau.net\/cyclo\/wp-json\/wp\/v2\/pages\/119\/revisions"}],"predecessor-version":[{"id":2049,"href":"https:\/\/www.auduteau.net\/cyclo\/wp-json\/wp\/v2\/pages\/119\/revisions\/2049"}],"up":[{"embeddable":true,"href":"https:\/\/www.auduteau.net\/cyclo\/wp-json\/wp\/v2\/pages\/8"}],"wp:attachment":[{"href":"https:\/\/www.auduteau.net\/cyclo\/wp-json\/wp\/v2\/media?parent=119"}],"curies":[{"name":"wp","href":"https:\/\/api.w.org\/{rel}","templated":true}]}}