{"id":116,"date":"2016-09-25T19:36:29","date_gmt":"2016-09-25T17:36:29","guid":{"rendered":"http:\/\/www.auduteau.net\/cyclo\/?page_id=116"},"modified":"2022-09-12T11:04:44","modified_gmt":"2022-09-12T09:04:44","slug":"faut-etre-malade-pour-pedaler-en-plein-cagnard","status":"publish","type":"page","link":"https:\/\/www.auduteau.net\/cyclo\/cyclo-tourisme\/faut-etre-malade-pour-pedaler-en-plein-cagnard\/","title":{"rendered":"Faut \u00eatre malade pour p\u00e9daler en plein cagnard !"},"content":{"rendered":"<p>Et puis c&rsquo;est dur, il y a des mont\u00e9es.<\/p>\n<p>On a la chance d&rsquo;\u00eatre dans un pays vert o\u00f9 les arbres ne manquent pas.<br \/>\nLes <a href=\"http:\/\/www.auduteau.net\/cyclo\/cyclo-tourisme\/les-voies-vertes\/\">voies cyclables<\/a> sont souvent implant\u00e9es dans des espaces de verdure. Donc, nous sommes plus \u00e0 l&rsquo;ombre que le baigneur.<\/p>\n<p>D&rsquo;autre part, nous g\u00e9n\u00e9rons du vent en roulant, ce qui n&rsquo;est pas le cas du baigneur.<br \/>\nLa chaleur n&rsquo;est donc pas un probl\u00e8me pour nous.<\/p>\n<p>Sur nos 7 ann\u00e9es de parcours, nous n&rsquo;avons en souvenir que 2 journ\u00e9es torrides :<\/p>\n<ol>\n<li>\u00c9tape Biscarosse -&gt; Gastes<br \/>\nLongue ligne droite en bord de route sans arbres.<\/li>\n<li>Arriv\u00e9e \u00e0 saint Laurent o\u00f9 l&rsquo;on est sorti du couvert des platanes du canal du midi pour se retrouver en rase campagne \u00e0 2h de l&rsquo;apr\u00e8s-midi.<\/li>\n<\/ol>\n<p>Quant \u00e0 la pluie, nous l&rsquo;avons essuy\u00e9e uniquement deux apr\u00e8s-midi et une courte partie de nuit :<\/p>\n<ol>\n<li>A Lacanau, o\u00f9 nous avons fait \u00e9tape d\u00e8s le midi juste avant que cela ne commence.<\/li>\n<li>A Etel, bruine et crachin \u00e0 volont\u00e9 pendant 3h =&gt; arr\u00eat gastronomique.<\/li>\n<li>A Carcassonne la nuit. En gros, tests des tentes.<\/li>\n<\/ol>\n<p>De quoi mettre un chat dehors justement.<\/p>\n<p>Concernant, la difficult\u00e9 potentielle li\u00e9e au cyclo-tourisme, je rappelle que nous ne faisons pas de v\u00e9lo dans l&rsquo;ann\u00e9e et affirme que notre littoral atlantique est plut\u00f4t facile.<br \/>\n\u00c0 part de longues mont\u00e9es en Bretagne et les Pyr\u00e9n\u00e9es bien s\u00fbr, ce fut de grandes promenades avec quelques petits bas mais surtout des hauts.<\/p>\n<p>Concernant les mont\u00e9es, il faut aussi se dire qu&rsquo;il y a les descentes derri\u00e8re.<\/p>\n<p>Dans les prochaines ann\u00e9es nous testerons la Manche, mais jusqu&rsquo;\u00e0 pr\u00e9sent, nous n&rsquo;avons jamais eu \u00e0 subir de grandes difficult\u00e9s.<\/p>\n","protected":false},"excerpt":{"rendered":"<p>Et puis c&rsquo;est dur, il y a des mont\u00e9es. On a la chance d&rsquo;\u00eatre dans un pays vert o\u00f9 les arbres ne manquent pas. Les voies cyclables sont souvent implant\u00e9es dans des espaces de verdure. Donc, nous sommes plus \u00e0 l&rsquo;ombre que le baigneur. D&rsquo;autre part, nous g\u00e9n\u00e9rons du vent en roulant, ce qui n&rsquo;est [&hellip;]<\/p>\n","protected":false},"author":1,"featured_media":0,"parent":8,"menu_order":1,"comment_status":"closed","ping_status":"closed","template":"","meta":[],"jetpack_shortlink":"https:\/\/wp.me\/P80Whq-1S","jetpack_sharing_enabled":true,"jetpack-related-posts":[{"id":216,"url":"https:\/\/www.auduteau.net\/cyclo\/debut-de-lhistoire\/2014-bourg-sur-gironde-le-teich\/","url_meta":{"origin":116,"position":0},"title":"2014 : Bourg sur gironde -> Le Teich","date":"30 septembre 2016","format":false,"excerpt":"Voir le parcours Distance :\u00a0\u00a0\u00a0\u00a0\u00a0\u00a0\u00a0\u00a0\u00a0\u00a0\u00a0\u00a0\u00a0\u00a0\u00a0\u00a0\u00a0\u00a0\u00a0\u00a0\u00a0\u00a0\u00a0\u00a0 438 km Au d\u00e9part, on avait envisag\u00e9 de d\u00e9marrer \u00e0 Saint Andr\u00e9 de Cubzac. Mais nous avons choisi de parquer nos voitures chez la famille \u00e0 Saint Seurin de Bourg. Etape de chauffe ce premier jour est d\u00e9di\u00e9 \u00e0 la ballade. Direction les grottes de\u2026","rel":"","context":"Article similaire","img":{"alt_text":"","src":"https:\/\/i0.wp.com\/www.auduteau.net\/cyclo\/wp-content\/uploads\/2016\/09\/2014-map-300x300.png?resize=350%2C200","width":350,"height":200},"classes":[]},{"id":89,"url":"https:\/\/www.auduteau.net\/cyclo\/le-voyage-en-soi\/de-linteret-de-la-voiture-suiveuse\/","url_meta":{"origin":116,"position":1},"title":"De l&rsquo;int\u00e9r\u00eat de la voiture suiveuse.","date":"5 octobre 2016","format":false,"excerpt":"Quand on part seul ou \u00e0 deux, aucun int\u00e9r\u00eat. Soit on fait une boucle \u00e0 v\u00e9lo soit on prend les transports r\u00e9gionaux pour revenir au point de d\u00e9part. Avec des enfants et une carriole cela devient plus dur. Si l'on part plus longtemps et pour un circuit cons\u00e9quent. La question\u2026","rel":"","context":"Article similaire","img":{"alt_text":"","src":"https:\/\/i0.wp.com\/www.auduteau.net\/cyclo\/wp-content\/uploads\/27Flandre-300x225.jpg?resize=350%2C200","width":350,"height":200},"classes":[]},{"id":191,"url":"https:\/\/www.auduteau.net\/cyclo\/debut-de-lhistoire\/2012-pyla-sur-mer-a-hendaye\/","url_meta":{"origin":116,"position":2},"title":"2012 : Pyla sur mer \u00e0 Hendaye","date":"30 septembre 2016","format":false,"excerpt":"Voir le parcours Distance :\u00a0\u00a0\u00a0\u00a0\u00a0\u00a0\u00a0\u00a0\u00a0\u00a0\u00a0\u00a0\u00a0\u00a0\u00a0\u00a0\u00a0\u00a0\u00a0\u00a0\u00a0\u00a0\u00a0\u00a0 285 km D\u00e9nivel\u00e9 Montant\u00a0\u00a0\u00a0\u00a0\u00a0 : 3 002 m D\u00e9nivel\u00e9\u00a0 descendant: 3 032 m Altitude maximum \u00a0 \u00a0 :\u00a0\u00a0\u00a0\u00a0 203 m Altitude minimum \u00a0 \u00a0 : \u00a0 \u00a0 \u00a0\u00a0\u00a0\u00a0 0 m Originellement, nous devions rejoindre Saint S\u00e9bastien mais la journ\u00e9e Espelette \u00e0 Ascain en passant par\u2026","rel":"","context":"Article similaire","img":{"alt_text":"","src":"https:\/\/i0.wp.com\/www.auduteau.net\/cyclo\/wp-content\/uploads\/2016\/09\/2012-map-300x300.png?resize=350%2C200","width":350,"height":200},"classes":[]},{"id":187,"url":"https:\/\/www.auduteau.net\/cyclo\/debut-de-lhistoire\/2010-canal-du-midi-toulouse-a-sete\/","url_meta":{"origin":116,"position":3},"title":"2010 : Canal du Midi &#8211; Toulouse \u00e0 S\u00e8te","date":"30 septembre 2016","format":false,"excerpt":"Voir le parcours Distance :\u00a0\u00a0\u00a0\u00a0\u00a0\u00a0\u00a0\u00a0\u00a0\u00a0\u00a0\u00a0\u00a0\u00a0\u00a0\u00a0\u00a0\u00a0\u00a0\u00a0\u00a0\u00a0\u00a0\u00a0 276 km D\u00e9nivel\u00e9 Montant\u00a0\u00a0\u00a0\u00a0\u00a0 : 1 752 m D\u00e9nivel\u00e9\u00a0 descendant: 1 927 m Altitude maximum \u00a0 \u00a0 :\u00a0\u00a0\u00a0\u00a0 270 m Altitude minimum \u00a0 \u00a0 : \u00a0 \u00a0 \u00a0 -2 m Ce fut la premi\u00e8re exp\u00e9rience de Cyclo tourisme. Nous avons donc choisi un terrain de\u2026","rel":"","context":"Article similaire","img":{"alt_text":"","src":"https:\/\/i0.wp.com\/www.auduteau.net\/cyclo\/wp-content\/uploads\/2016\/09\/2010-le-somailjpg-300x225.jpg?resize=350%2C200","width":350,"height":200},"classes":[]},{"id":801,"url":"https:\/\/www.auduteau.net\/cyclo\/debut-de-lhistoire\/2017-vallee-du-lot\/","url_meta":{"origin":116,"position":4},"title":"2017 &#8211; Vall\u00e9e du Tarn et du Lot","date":"30 septembre 2016","format":false,"excerpt":"Voir le parcours Distance : 378km D\u00e9but : 08 ao\u00fbt 2017 Fin : 16 ao\u00fbt 2017 D\u00e9nivel\u00e9 + : 4060m D\u00e9nivel\u00e9 - : 3924m Alt. max. : 233m Fichier Ressources - Galerie photos Ce ne sera pas tant le Lot mais surtout le Lot et Garonne avec un d\u00e9part du\u2026","rel":"","context":"Article similaire","img":{"alt_text":"Vall\u00e9e du lot","src":"https:\/\/i0.wp.com\/www.auduteau.net\/cyclo\/wp-content\/uploads\/Lot.jpg?resize=350%2C200&ssl=1","width":350,"height":200},"classes":[]},{"id":2260,"url":"https:\/\/www.auduteau.net\/cyclo\/debut-de-lhistoire\/2025-alsace\/","url_meta":{"origin":116,"position":5},"title":"2025 &#8211; Alsace","date":"1 octobre 2016","format":false,"excerpt":"Distance : 450 Km D\u00e9nivel\u00e9 montant : 2778 m D\u00e9nivel\u00e9 descendant : 2769 m Apr\u00e8s avoir h\u00e9sit\u00e9 pour faire le tour des lacs Suisse, nous avons jet\u00e9 notre d\u00e9volu sur le tour de l\u2019Alsace. Et finalement, ce fut un tr\u00e8s bon choix. B\u00e9atrice se remettant toujours de sa chute de\u2026","rel":"","context":"Article similaire","img":{"alt_text":"","src":"https:\/\/i0.wp.com\/www.auduteau.net\/cyclo\/wp-content\/uploads\/IMG_9116-scaled.jpeg?resize=350%2C200&ssl=1","width":350,"height":200},"classes":[]}],"jetpack_likes_enabled":true,"_links":{"self":[{"href":"https:\/\/www.auduteau.net\/cyclo\/wp-json\/wp\/v2\/pages\/116"}],"collection":[{"href":"https:\/\/www.auduteau.net\/cyclo\/wp-json\/wp\/v2\/pages"}],"about":[{"href":"https:\/\/www.auduteau.net\/cyclo\/wp-json\/wp\/v2\/types\/page"}],"author":[{"embeddable":true,"href":"https:\/\/www.auduteau.net\/cyclo\/wp-json\/wp\/v2\/users\/1"}],"replies":[{"embeddable":true,"href":"https:\/\/www.auduteau.net\/cyclo\/wp-json\/wp\/v2\/comments?post=116"}],"version-history":[{"count":7,"href":"https:\/\/www.auduteau.net\/cyclo\/wp-json\/wp\/v2\/pages\/116\/revisions"}],"predecessor-version":[{"id":2063,"href":"https:\/\/www.auduteau.net\/cyclo\/wp-json\/wp\/v2\/pages\/116\/revisions\/2063"}],"up":[{"embeddable":true,"href":"https:\/\/www.auduteau.net\/cyclo\/wp-json\/wp\/v2\/pages\/8"}],"wp:attachment":[{"href":"https:\/\/www.auduteau.net\/cyclo\/wp-json\/wp\/v2\/media?parent=116"}],"curies":[{"name":"wp","href":"https:\/\/api.w.org\/{rel}","templated":true}]}}