{"id":702,"date":"2016-09-25T20:20:10","date_gmt":"2016-09-25T18:20:10","guid":{"rendered":"http:\/\/www.auduteau.net\/cyclo\/?page_id=702"},"modified":"2022-10-01T09:04:27","modified_gmt":"2022-10-01T07:04:27","slug":"assurer-son-velo","status":"publish","type":"page","link":"http:\/\/www.auduteau.net\/cyclo\/cyclo-tourisme\/assurer-son-velo\/","title":{"rendered":"Assurer son v\u00e9lo"},"content":{"rendered":"<p><strong><a href=\"http:\/\/www.auduteau.net\/cyclo\/wp-content\/uploads\/Assurance-v\u00e9lo-Majorque.jpg\"><img loading=\"lazy\" class=\"alignright size-medium wp-image-721\" src=\"http:\/\/www.auduteau.net\/cyclo\/wp-content\/uploads\/Assurance-v\u00e9lo-Majorque-300x205.jpg\" alt=\"\" width=\"300\" height=\"205\" srcset=\"http:\/\/www.auduteau.net\/cyclo\/wp-content\/uploads\/Assurance-v\u00e9lo-Majorque-300x205.jpg 300w, http:\/\/www.auduteau.net\/cyclo\/wp-content\/uploads\/Assurance-v\u00e9lo-Majorque.jpg 400w\" sizes=\"(max-width: 300px) 100vw, 300px\" \/><\/a>Que me rembourse mon assurance en cas de vol ? D\u2019ailleurs, est-ce qu\u2019une de mes nombreuses assurances prend en charge les dommages ou le vol de mon v\u00e9lo\u00a0?<\/strong><\/p>\n<p>L\u2019assurance voiture prendra en charge les d\u00e9g\u00e2ts ou \u00e9ventuellement le vol de v\u00e9lo sur une galerie voiture lors de vos trajets. Mais cela implique que les v\u00e9los aient \u00e9t\u00e9 cadenass\u00e9s.<\/p>\n<p>Pour le reste, c\u2019est votre multirisques habitation qui peut \u00e9ventuellement prendre en charge ces d\u00e9sagr\u00e9ments.<\/p>\n<p>MAIS, chaque assureur \u00e0 ses sp\u00e9cificit\u00e9s.<\/p>\n<p>Il faut vous renseigner aupr\u00e8s d&rsquo;eux. Le v\u00e9lo est consid\u00e9r\u00e9 comme un bien de loisir ou \u00e9quipement ext\u00e9rieur au niveau de la multirisques.<\/p>\n<p>Les assurances remboursent les dommages et\/ou le vol. Donc bien se renseigner.<\/p>\n<p>Ils ont parfois des options qui \u00e9tendent leurs garanties de base. Certains assureurs ont une assurance sp\u00e9cifique aux v\u00e9los et d&rsquo;autres ne sont sp\u00e9cialis\u00e9s que dans ce type d&rsquo;assurance mais avec des crit\u00e8res assez pr\u00e9cis et parfois tr\u00e8s contraignants.<\/p>\n<p>Question tarif, pour assurer un v\u00e9lo, compter au minimum 3\u20ac par mois.<\/p>\n<p>Quelques contraintes type :<\/p>\n<ul>\n<li>Le vol peut n&rsquo;\u00eatre assur\u00e9 qu&rsquo;entre 7h du matin \u00e0 21h le soir<\/li>\n<li>Exigence d&rsquo;un <a href=\"http:\/\/www.auduteau.net\/cyclo\/cyclo-tourisme\/de-la-securite-du-mon-velo\/\">antivol agr\u00e9\u00e9 par la SRA et\/ou la FUB<\/a>.<\/li>\n<li><a href=\"http:\/\/www.auduteau.net\/cyclo\/cyclo-tourisme\/faire-marquer-son-velo\/\">Marquage\/gravage\/tatouage du v\u00e9lo<\/a><\/li>\n<li>N&rsquo;assurent que les v\u00e9los achet\u00e9s neuf ou sur facture mais avec d\u00e9pr\u00e9ciation par rapport \u00e0 la date d&rsquo;achat.<\/li>\n<li>Plafonnement du remboursement\u00a0aux alentours de 1500\u20ac.<\/li>\n<li>D\u00e9pr\u00e9ciation mensuelle du v\u00e9lo<\/li>\n<li>Pi\u00e8ces demand\u00e9es pour un remboursement nombreuses et vari\u00e9es (ex : envoyer le cadenas forc\u00e9 et sa cl\u00e9)<\/li>\n<\/ul>\n<p>Comme toujours, il y a ceux qui exposent ces contraintes et ceux qui ne les exposent pas. Auquel faire confiance\u00a0?<\/p>\n<p>Quelques assureurs sp\u00e9cialis\u00e9s\u00a0:<\/p>\n<ul>\n<li><a href=\"http:\/\/www.assurer-mon-velo.com\/les-garanties\" target=\"_blank\" rel=\"noopener noreferrer\">http:\/\/www.assurer-mon-velo.com\/les-garanties<\/a><\/li>\n<li><a href=\"http:\/\/www.cyclassur.fr\/\">http:\/\/www.cyclassur.fr\/<\/a><\/li>\n<li><a href=\"http:\/\/www.assurancesvelo.com\/\">http:\/\/www.assurancesvelo.com\/<\/a><\/li>\n<li><a href=\"http:\/\/www.velovole.fr\/\">http:\/\/www.velovole.fr\/<\/a><\/li>\n<\/ul>\n<p>La FFCT (<a href=\"http:\/\/ffct.org\/\" target=\"_blank\" rel=\"noopener noreferrer\">F\u00e9d\u00e9ration Fran\u00e7aise de Cyclo-Tourisme<\/a>) a pass\u00e9 un partenariat avec Allianz pour assurer ses adh\u00e9rents et leurs mat\u00e9riels.<\/p>\n<blockquote><p>Pour le vol, associ\u00e9 \u00e0 l\u2019assurance \u00ab\u00a0grand braquet\u00a0\u00bb, la garantie de base est dans la bonne moyenne avec 20\u20ac. Par contre, le plafond de remboursement est \u00e0 800\u20ac avec franchise de 100\u20ac \u00e0 ce jour.<\/p>\n<p>La Garantie \u00ab\u00a0Vol\/Dommages\u00a0\u00bb en compl\u00e9ment de l\u2019assurance \u00ab\u00a0grand braquet\u00a0\u00bb est plus souple mais plus ch\u00e8re avec tarification d\u00e9gressive selon la v\u00e9tust\u00e9 du v\u00e9lo et un plafonnement de remboursement allant jusqu\u2019\u00e0 10\u00a0000\u20ac. Coefficient de v\u00e9tust\u00e9 \u00e9gal \u00e0 8% par an (en 2017).<\/p><\/blockquote>\n<h2>Le saviez-vous<\/h2>\n<p>Tout propri\u00e9taire de VAE dont la puissance nominale du moteur est sup\u00e9rieure \u00e0 250w doit :<\/p>\n<ul>\n<li>Faire immatriculer son v\u00e9lo en pr\u00e9fecture (<a id=\"linkLEGIARTI000044945045-6\" href=\"https:\/\/www.legifrance.gouv.fr\/codes\/article_lc\/LEGIARTI000044945045\" class=\"broken_link\">Article R121-6<\/a>);<\/li>\n<li>Apposer une plaque d&rsquo;immatriculation \u00e0 l&rsquo;arri\u00e8re du v\u00e9lo\u00a0 (<a id=\"linkLEGIARTI000044945045-6\" href=\"https:\/\/www.legifrance.gouv.fr\/codes\/article_lc\/LEGIARTI000044945045\" class=\"broken_link\">Article R121-6<\/a>) ;<\/li>\n<li>Le v\u00e9lo doit \u00eatre muni d&rsquo;un dispositif lumineux capable de rendre lisible, \u00e0 une distance minimale de 20 m\u00e8tres, la nuit, par temps clair, le num\u00e9ro inscrit sur sa plaque d&rsquo;immatriculation arri\u00e8re (<a id=\"linkLEGIARTI000032401318-17\" href=\"https:\/\/www.legifrance.gouv.fr\/codes\/article_lc\/LEGIARTI000032401318?dateVersion=20%2F09%2F2022&amp;isAdvancedResult=&amp;nomCode=UZ41kg%3D%3D&amp;page=2&amp;pageSize=10&amp;query=%C3%A9clairage&amp;searchField=ALL&amp;searchProximity=&amp;searchType=ALL&amp;tab_selection=code&amp;typePagination=ARTICLE&amp;typeRecherche=date\" target=\"_blank\" rel=\"noopener\" class=\"broken_link\">Article R313-12<\/a>) ;<\/li>\n<li>Faire <strong>assurer son v\u00e9lo<\/strong> et avoir la vignette en \u00e9vidence\u00a0 sur le v\u00e9lo jusqu&rsquo;en avril 2023 (<a id=\"linkLEGIARTI000044945045-6\" href=\"https:\/\/www.legifrance.gouv.fr\/codes\/article_lc\/LEGIARTI000044945045\" class=\"broken_link\">Article R121-6<\/a>)<\/li>\n<li>Porter un casque homologu\u00e9 pour les cyclomoteurs (<a id=\"linkLEGIARTI000044945045-6\" href=\"https:\/\/www.legifrance.gouv.fr\/codes\/article_lc\/LEGIARTI000044945045\" class=\"broken_link\">Article R121-6<\/a>);<\/li>\n<li>Porter des gants (<a href=\"https:\/\/www.legifrance.gouv.fr\/codes\/article_lc\/LEGIARTI000033132243?dateVersion=23%2F09%2F2022&amp;nomCode=UZ41kg%3D%3D&amp;page=1&amp;pageSize=10&amp;query=%7B%28%40ALL%5Bt%22piste+cyclable%22%5D%29%7D&amp;tab_selection=code&amp;typePagination=ARTICLE&amp;typeRecherche=date\" target=\"_blank\" rel=\"noopener\" class=\"broken_link\">Article R431-1-2<\/a>).<\/li>\n<\/ul>\n","protected":false},"excerpt":{"rendered":"<p>Que me rembourse mon assurance en cas de vol ? D\u2019ailleurs, est-ce qu\u2019une de mes nombreuses assurances prend en charge les dommages ou le vol de mon v\u00e9lo\u00a0? L\u2019assurance voiture prendra en charge les d\u00e9g\u00e2ts ou \u00e9ventuellement le vol de v\u00e9lo sur une galerie voiture lors de vos trajets. Mais cela implique que les v\u00e9los [&hellip;]<\/p>\n","protected":false},"author":1,"featured_media":721,"parent":8,"menu_order":14,"comment_status":"closed","ping_status":"closed","template":"","meta":[],"jetpack_shortlink":"https:\/\/wp.me\/P80Whq-bk","jetpack_sharing_enabled":true,"jetpack-related-posts":[{"id":698,"url":"http:\/\/www.auduteau.net\/cyclo\/cyclo-tourisme\/de-la-securite-du-mon-velo\/","url_meta":{"origin":702,"position":0},"title":"De la s\u00e9curit\u00e9 de mon v\u00e9lo","date":"25 septembre 2016","format":false,"excerpt":"Selon les chiffres estim\u00e9s, environ 500 000 v\u00e9los auraient \u00e9t\u00e9 vol\u00e9s en 2016 soit 1369 par jour (article Le Parisien). Seulement 5% font l'objet d'une plainte d\u00e9pos\u00e9e du fait que les gens pensent qu'ils ne le r\u00e9cup\u00e9reront jamais. Pour m\u00e9moire, en 2016, il s'est vol\u00e9 110 000 voitures constat\u00e9 par\u2026","rel":"","context":"Article similaire","img":{"alt_text":"","src":"https:\/\/i0.wp.com\/www.auduteau.net\/cyclo\/wp-content\/uploads\/IMG_8021.jpg?resize=350%2C200","width":350,"height":200},"classes":[]},{"id":700,"url":"http:\/\/www.auduteau.net\/cyclo\/cyclo-tourisme\/faire-marquer-son-velo\/","url_meta":{"origin":702,"position":1},"title":"Faire marquer son v\u00e9lo","date":"25 septembre 2016","format":false,"excerpt":"En cas de vol, quelles sont nos chances de r\u00e9cup\u00e9rer notre v\u00e9lo ? Pour un tier des vols, les v\u00e9los ne sont qu'emprunt\u00e9s et laiss\u00e9s un peu plus loin, donc retrouv\u00e9s. Mais, la r\u00e9ponse \u00e0 la question est : Z\u00e9ro ! Vu qu'\u00e0 l'inverse des motos et voitures, un v\u00e9lo\u2026","rel":"","context":"Article similaire","img":{"alt_text":"","src":"https:\/\/i0.wp.com\/www.auduteau.net\/cyclo\/wp-content\/uploads\/marquage_bicycode.jpg?resize=350%2C200","width":350,"height":200},"classes":[]},{"id":12,"url":"http:\/\/www.auduteau.net\/cyclo\/cyclo-tourisme\/table-de-lois-du-cyclo-touriste\/","url_meta":{"origin":702,"position":2},"title":"Table de lois du Cyclo-Touriste","date":"25 septembre 2016","format":false,"excerpt":"Nous n'avons pas un v\u00e9lo de course et n'avons pas vocation \u00e0 faire une performance lorsque nous voyageons en cyclo-tourisme. Notre but est d'aller le plus loin et dans les meilleures conditions possibles. Il nous faut donc veiller \u00e0 la durabilit\u00e9 de notre mat\u00e9riel et \u00e0 notre int\u00e9grit\u00e9 physique. Et\u2026","rel":"","context":"Article similaire","img":{"alt_text":"","src":"https:\/\/i0.wp.com\/www.auduteau.net\/cyclo\/wp-content\/uploads\/table_lois.jpg?resize=350%2C200","width":350,"height":200},"classes":[]},{"id":110,"url":"http:\/\/www.auduteau.net\/cyclo\/cyclo-tourisme\/reglementations\/","url_meta":{"origin":702,"position":3},"title":"R\u00e9glementations","date":"25 septembre 2016","format":false,"excerpt":"Les panneaux \u00e0 connaitre Peut-on perdre des points de permis de conduire ? M\u00eame si on a pu lire certains t\u00e9moignages sur le sujet, la r\u00e9ponse est NON. En tant que cycliste, on ne perdra pas de points en cas d'infraction au code de la route, on se prendra une\u2026","rel":"","context":"Article similaire","img":{"alt_text":"","src":"https:\/\/i0.wp.com\/www.auduteau.net\/cyclo\/wp-content\/uploads\/sr_panneaux_velo_site-3_0.jpg?resize=350%2C200","width":350,"height":200},"classes":[]},{"id":92,"url":"http:\/\/www.auduteau.net\/cyclo\/le-voyage-en-soi\/le-velo\/","url_meta":{"origin":702,"position":4},"title":"Le v\u00e9lo","date":"5 octobre 2016","format":false,"excerpt":"Nous concernant, nous avons fait toute la c\u00f4te atlantique avec des v\u00e9los de supermarch\u00e9 bas de gamme, achet\u00e9s d'occasion \u00e0 moins de 100\u20ac pi\u00e8ce. Mais, nous n'\u00e9tions pas charg\u00e9s comme des bourricots non plus la majeure partie du temps. En 7 ans, Nous n'avons eu \u00e0 d\u00e9plorer aucune casse. Seul\u2026","rel":"","context":"Article similaire","img":{"alt_text":"","src":"https:\/\/i0.wp.com\/www.auduteau.net\/cyclo\/wp-content\/uploads\/IMG_8704.png?resize=350%2C200","width":350,"height":200},"classes":[]},{"id":57,"url":"http:\/\/www.auduteau.net\/cyclo\/ressources\/liens-utiles\/","url_meta":{"origin":702,"position":5},"title":"Liens utiles","date":"6 octobre 2016","format":false,"excerpt":"F\u00e9d\u00e9rations F\u00e9d\u00e9ration Fran\u00e7aise de Cyclo-Tourisme V\u00e9locistes sp\u00e9cialis\u00e9s Les v\u00e9los de Patrick Site d'un passionn\u00e9 de v\u00e9lo qui vous pr\u00e9parera votre v\u00e9lo de r\u00eave en vous apportant conseil quant \u00e0 vos besoins. Comme son site perso ne poss\u00e8de pas de sommaire, voici les principaux liens : Pneu, P\u00e9dales, Frein, \u00c9clairage, Bureau,\u2026","rel":"","context":"Article similaire","img":{"alt_text":"","src":"","width":0,"height":0},"classes":[]}],"jetpack_likes_enabled":true,"_links":{"self":[{"href":"http:\/\/www.auduteau.net\/cyclo\/wp-json\/wp\/v2\/pages\/702"}],"collection":[{"href":"http:\/\/www.auduteau.net\/cyclo\/wp-json\/wp\/v2\/pages"}],"about":[{"href":"http:\/\/www.auduteau.net\/cyclo\/wp-json\/wp\/v2\/types\/page"}],"author":[{"embeddable":true,"href":"http:\/\/www.auduteau.net\/cyclo\/wp-json\/wp\/v2\/users\/1"}],"replies":[{"embeddable":true,"href":"http:\/\/www.auduteau.net\/cyclo\/wp-json\/wp\/v2\/comments?post=702"}],"version-history":[{"count":13,"href":"http:\/\/www.auduteau.net\/cyclo\/wp-json\/wp\/v2\/pages\/702\/revisions"}],"predecessor-version":[{"id":2079,"href":"http:\/\/www.auduteau.net\/cyclo\/wp-json\/wp\/v2\/pages\/702\/revisions\/2079"}],"up":[{"embeddable":true,"href":"http:\/\/www.auduteau.net\/cyclo\/wp-json\/wp\/v2\/pages\/8"}],"wp:featuredmedia":[{"embeddable":true,"href":"http:\/\/www.auduteau.net\/cyclo\/wp-json\/wp\/v2\/media\/721"}],"wp:attachment":[{"href":"http:\/\/www.auduteau.net\/cyclo\/wp-json\/wp\/v2\/media?parent=702"}],"curies":[{"name":"wp","href":"https:\/\/api.w.org\/{rel}","templated":true}]}}