{"id":505,"date":"2016-09-30T00:30:54","date_gmt":"2016-09-29T22:30:54","guid":{"rendered":"http:\/\/www.auduteau.net\/cyclo\/?page_id=505"},"modified":"2021-09-08T16:45:19","modified_gmt":"2021-09-08T14:45:19","slug":"2015-sables-dolonne-carnac","status":"publish","type":"page","link":"http:\/\/www.auduteau.net\/cyclo\/debut-de-lhistoire\/2015-sables-dolonne-carnac\/","title":{"rendered":"2015 : Sables d&rsquo;Olonne &#8211; Carnac"},"content":{"rendered":"<p style=\"text-align: center;\"><a href=\"https:\/\/www.leroulard.com\/track\/55ddcd06c1ad834e433605d2#map\" target=\"_blank\" rel=\"noopener noreferrer\" class=\"broken_link\"><img loading=\"lazy\" class=\"wp-image-508 size-medium aligncenter\" src=\"http:\/\/www.auduteau.net\/cyclo\/wp-content\/uploads\/2016\/10\/2015-map-300x300.png\" width=\"300\" height=\"300\" srcset=\"http:\/\/www.auduteau.net\/cyclo\/wp-content\/uploads\/2016\/10\/2015-map-300x300.png 300w, http:\/\/www.auduteau.net\/cyclo\/wp-content\/uploads\/2016\/10\/2015-map-150x150.png 150w, http:\/\/www.auduteau.net\/cyclo\/wp-content\/uploads\/2016\/10\/2015-map.png 700w\" sizes=\"(max-width: 300px) 100vw, 300px\" \/>Voir le parcours<\/a><\/p>\n<ul>\n<li>Distance : 432 km<\/li>\n<li>D\u00e9nivel\u00e9 montant\u00a0 : 3 274 m<\/li>\n<li>D\u00e9nivel\u00e9\u00a0 descendant : 3 392 m<\/li>\n<li>Alt. max. : 54 m<\/li>\n<li>Alt. min. : -1 m<\/li>\n<\/ul>\n<p>L&rsquo;objectif originel \u00e9tait Quiberon. Mais comme toujours, les circonstances am\u00e8nent quelques am\u00e9nagements.<\/p>\n<p>Nous aurions pu repartir du Lidon, notre derni\u00e8re \u00e9tape du <a href=\"http:\/\/www.auduteau.net\/cyclo\/debut-de-lhistoire\/2013-ile-doleron-marais-poitevin\/\">circuit 2013<\/a>, mais ayant d\u00e9j\u00e0 fait la moiti\u00e9 du chemin vers Les Sables, nous avons d\u00e9cid\u00e9 de partir du nord des Sables.<\/p>\n<h2>Sables d\u2019Olonne -&gt; Saint Gilles Croix de Vie<\/h2>\n<p>Toujours notre probl\u00e9matique de pouvoir laisser nos voitures au point de d\u00e9part, le camping \u00ab\u00a0Bois soleil\u00a0\u00bb offre ce service par le biais d&rsquo;un petit terrain cl\u00f4tur\u00e9 non loin du camping.<br \/>\n1\u00e8re \u00e9tape agr\u00e9able mi-route, mi piste cyclable \u00e0 longer les marais et traverser les for\u00eats pour arriver au \u00ab\u00a0domaine de la Micheli\u00e8re\u00a0\u00bb propre; un peu d\u00e9pourvu d&rsquo;arbres mais avec un bel espace aquatique.<br \/>\nClairement le camping o\u00f9 les possesseurs de mobil-homes font un concours d&rsquo;arrangement de leur petit coin. C&rsquo;est vari\u00e9 et tr\u00e8s bien fait et tr\u00e8s propre.<\/p>\n<h2>Saint Gilles Croix de Vie -&gt; Fromentine<\/h2>\n<p>Apr\u00e8s avoir fait le petit d\u00e9tour de rigueur le long du canal en traversant Saint Gilles, nous attaquons la remont\u00e9e vers Fromentine en traversant St jean de Mons, Notre dame de Mons pour arriver \u00e0 l&rsquo;approche du pont de Fromentine.<br \/>\nL\u00e0, \u00e9norme coup de gueule envers les responsables du camping \u00ab\u00a0la grande c\u00f4te\u00a0\u00bb qui nous avait mis presque dans les sanitaires. \u00c9tonnamment, ils nous ont trouv\u00e9 imm\u00e9diatement un superbe emplacement.<br \/>\nDonc 4 \u00e9toiles lamentables avec les camions qui passent le matin \u00e0 5 heures pour livrer Noirmoutier.<br \/>\nEt on y passera quand m\u00eame 2 jours.<\/p>\n<h2>Fromentine -&gt; Noirmoutier -&gt; Fromentine<\/h2>\n<p>Bref, une journ\u00e9e tour de la presqu&rsquo;\u00eele de Noirmoutier avec retrouvaille entre amis en vacances qui a l\u00e9g\u00e8rement \u00e9court\u00e9 ce grand tour.<br \/>\nLe retour par le passage du Goi \u00e9tait obligatoire. Nous avions donc un horaire \u00e0 respecter en regard de la mar\u00e9e.<br \/>\nLe Goi s&rsquo;est tr\u00e8s bien pass\u00e9 car les voitures sont assez tranquilles.<br \/>\nAu sortir, on s&rsquo;est install\u00e9 pour voir quelques voitures se faire embarquer par la mar\u00e9e, mais l&rsquo;attente fut trop longue et voir d\u00e9filer une longue tra\u00een\u00e9e de voitures est lassant. On est donc reparti en suivant le trac\u00e9 originel de la v\u00e9lodyss\u00e9e sur notre carte et non les panneaux indicateurs.<br \/>\n\u00c7a nous a valu de faire un peu de v\u00e9lo au milieu d&rsquo;un champ de vaches qui nous ont regard\u00e9 tranquillement. Heureusement.<br \/>\nLe trac\u00e9 r\u00e9el passe par la d\u00e9partementale 758 tr\u00e8s circulante, non am\u00e9nag\u00e9es et dangereuse que nous avons fini par rejoindre apr\u00e8s notre escapade vach\u00e8re.<br \/>\nOriginellement, le trac\u00e9 passait au-dessus du grand \u00e9tier de Sallertaine via un petit pont de bois qui n&rsquo;a jamais \u00e9t\u00e9 construit\u00a0 du fait du lobbying \u00e9cologiste qui a argu\u00e9 que ce pont d\u00e9rangerait les poissons. Ils ont gagn\u00e9 et les randonneurs sur parcours s\u00e9curis\u00e9 ont perdu.<br \/>\n\u00c7a ne les emp\u00eache pas de s&rsquo;\u00eatre construit des cabanes au bout de l&rsquo;\u00e9tier pour p\u00eacher les dits poissons.<\/p>\n<p>Retour au camping pour un repos bien m\u00e9rit\u00e9.<\/p>\n<h2>Fromentine -&gt; Les Moutiers en Retz.<\/h2>\n<p>Et nous voil\u00e0 reparti sur la D758 pour remonter vers Pornic.<br \/>\nOn remerciera le camion qui a contenu les voitures stress\u00e9es derri\u00e8re nous. Les routiers sont sympas. Les estivants en voiture largement moins vu qu&rsquo;ils ont failli renverser notre jeunesse en les serrant s\u00e9rieusement et en les engueulant. Du coup les adultes de t\u00eate les ont remerci\u00e9 \u00e0 leur mani\u00e8re.<br \/>\nA Beauvoir sur mer on a bifurqu\u00e9 vers l&rsquo;Epoid pour fuir cette horreur de route.<br \/>\nLe reste fut une longue promenade agr\u00e9able jusqu&rsquo;au \u00ab\u00a0camping de Prigny\u00a0\u00bb pour se plonger dans la piscine. Camping familial simple, agr\u00e9able qui peut para\u00eetre aust\u00e8re \u00e0 premi\u00e8re vue mais avec une ambiance entre estivants excellente. Le soir, BBQ \u00e0 disposition, nous avons partag\u00e9 la p\u00eache du jour de nos voisins de table.<br \/>\nExcellent souvenir.<\/p>\n<h2>Les Moutiers en Retz -&gt; Saint Br\u00e9vin les pins<\/h2>\n<p>Direction Pornic avec un petit tour en ville puis Saint Michel chef-chef o\u00f9 nous avons trouv\u00e9 une petit coin pique-nique sympathique \u00e0 l&rsquo;entr\u00e9e de Tharon-Plage.<br \/>\nCaf\u00e9 au centre-ville o\u00f9 ces dames ont d\u00e9valis\u00e9 un magasin de g\u00e2teaux et caramels au beurre sal\u00e9.<br \/>\nPuis remont\u00e9e sur saint Br\u00e9vin les pins pour atterrir au camping \u00ab\u00a0La courante\u00a0\u00bb qui fut l&rsquo;horreur du voyage.<br \/>\nEmplacement sale, estivants odieux, plage de merde o\u00f9 se d\u00e9versent les \u00e9gouts de la ville.<br \/>\nBref \u00c0 fuir.<\/p>\n<h2>Saint Br\u00e9vin les pins-&gt; Camo\u00ebl<\/h2>\n<p>Nous ne voulions pas remonter sur Nantes pour revenir sur Saint-Nazaire ni prendre le pont \u00e0 v\u00e9lo.<br \/>\nD&rsquo;o\u00f9 le choix de ce camping \u00e0 proximit\u00e9 de l&rsquo;arr\u00eat de bus 17 qui embarque une dizaine de v\u00e9los et traverse le pont de St. Nazaire pour nous amener \u00e0 la gare du m\u00eame nom.<\/p>\n<p>La journ\u00e9e avait bien commenc\u00e9 jusqu&rsquo;\u00e0 ce que l&rsquo;on voit arriver la voiture suiveuse avec la galerie de toit en vrac. Le v\u00e9lo transport\u00e9 \u00e9galement. Mais pourquoi mettent-ils des portiques \u00e0 l&rsquo;entr\u00e9e des supermarch\u00e9s en Vend\u00e9e se demande encore notre chauffeur.<br \/>\nPause recherche d&rsquo;un v\u00e9lociste pour r\u00e9paration.<\/p>\n<p>Apr\u00e8s r\u00e9paration nous avons fait route \u00e0 travers la campagne en contournant le marais de Grande Bri\u00e8re Motti\u00e8re.<br \/>\nSuperbe ballade pour atterrir au camping \u00ab\u00a0les Rives de la vilaine\u00a0\u00bb.<br \/>\nFamilial, accueillant, bien tenu. Nous \u00e9tions dans l&rsquo;espace colos. En gros 2000m carr\u00e9s pour nous tout seul avec le coin salle de repas pour nous (frigo, cuisini\u00e8re, tables en quantit\u00e9, etc.)<br \/>\nDu coup nous avons prolong\u00e9 d&rsquo;une nuit\u00e9e.<\/p>\n<h2>Camo\u00ebl -&gt; Penestin -&gt; Camo\u00ebl<\/h2>\n<p>Ballade \u00e0 Penestin o\u00f9 nous avons fait nos courses au march\u00e9 et retour.<br \/>\nVu comme cela, c&rsquo;est trop simple.<\/p>\n<p>D\u00e9part en fanfare par une descente sur la marina d&rsquo;Arzal. Un peu cross quand m\u00eame. Ce qui nous valut un magnifique soleil de la part de Marilyn sans bobo heureusement.<\/p>\n<h2>Camo\u00ebl -&gt; Sarzeau<\/h2>\n<p>Une d\u00e9pression arrivant par l&rsquo;ouest, on a d\u00e9cid\u00e9 d&rsquo;atteindre au plus vite le golfe du Morbihan sans halte. L&rsquo;id\u00e9e \u00e9tait d&rsquo;y trouver un microclimat comme sur le bassin d&rsquo;Arcachon. Pari r\u00e9ussi, la pluie a fait le tour du golfe.<\/p>\n<p>Mais au d\u00e9part, casse du d\u00e9railleur de notre voltigeuse sur son terrain de cross favori.<br \/>\nSur ce coup, la voiture suiveuse a un \u00e9norme int\u00e9r\u00eat car la pi\u00e8ce n&rsquo;\u00e9tait disponible qu&rsquo;\u00e0 Lorient.<\/p>\n<p>Ce n\u2019est pas le tout, on commence par descendre vers la marina mais apr\u00e8s, il faut remonter sur Arzal. Le matin \u00e0 l&rsquo;aube, c&rsquo;est un peu dur.<br \/>\nApr\u00e8s Arzal, on bifurque vers Lanthiern ; petit village templier plein de charme o\u00f9 seuls passeront les cyclo-randonneurs.<br \/>\nApr\u00e8s on chemine sur les routes annexes en essayant d&rsquo;\u00e9viter la nationale 165 direction Muzillac pour redescendre sur Damgan direction de la presqu&rsquo;\u00eele de Perneff o\u00f9 le passeur de lenn\u00a0 nous aidera \u00e0 traverser le bras de rivi\u00e8re. D\u00e9tour oblig\u00e9 pour passer l&rsquo;\u00e9tier de Billier infranchissable autrement.<br \/>\n\u00c0 noter la petite chapelle si vous avez le temps en attendant le bateau en bord de rivi\u00e8re de Perneff.<br \/>\nC&rsquo;est reparti pour une visite du ch\u00e2teau de Suscinio et une arriv\u00e9e \u00e0 la \u00ab\u00a0ferme de Lann Hoedic\u00a0\u00bb au sud de Sarzeau.<br \/>\nLe groupe s&rsquo;est scind\u00e9 en deux. Un par la plage un par les terres. Par la plage, le sable est trop meuble cela a impliqu\u00e9 de pousser le v\u00e9lo \u00e0 la main pendant quelques Km. Bien a pris \u00e0 notre groupe de passer par les terres et de fl\u00e2ner au ch\u00e2teau.<\/p>\n<h2>Sarzeau -&gt; Arradon<\/h2>\n<p>Ou la journ\u00e9e des passeurs.<\/p>\n<p>Nous remontons vers Saint Armel pour aller chercher le passeur du m\u00eame nom.<br \/>\nL&rsquo;attente peut \u00eatre longue surtout \u00e0 Midi.<br \/>\nLa petite cahute qui vous sert les fruits de mer en attendant le bateau est la bienvenue.<br \/>\nApr\u00e8s on file sur bararac&rsquo;h chercher le second passeur.<br \/>\nIl y a tellement de navettes qui circulent pour aller vers Houat, Hoedic, Belle Ile, l&rsquo;\u00eele aux moines que l&rsquo;on est extr\u00eamement d\u00e9\u00e7u quand elles ne s&rsquo;arr\u00eatent pas. En gros l&rsquo;attente est longue et il n&rsquo;y a rien \u00e0 voir.<br \/>\nMais elle finit par arriver et par nous amener \u00e0 Vannes que nous ne faisons que traverser pour rejoindre le camping \u00ab\u00a0l&rsquo;all\u00e9e\u00a0\u00bb apr\u00e8s Arradon et surtout sa piscine.<\/p>\n<h2>Arradon -&gt; Vannes -&gt; Arradon<\/h2>\n<p>Une journ\u00e9e enti\u00e8re pour visiter Vannes qui est magnifique et retour dans la piscine.<br \/>\nOn apprend que la Bretagne n&rsquo;est pas le plat pays.<\/p>\n<h2>Arradon -&gt; Ile aux moines -&gt; Arradon<\/h2>\n<p>Attraper la navette d&rsquo;Arradon a \u00e9t\u00e9 une promenade matinale\u00a0 sous une petite bruine.<br \/>\nLa visite de l&rsquo;\u00eele aux moines est magique. Un peu cross sur quelques passages o\u00f9 nous ne devions pas aller. Mais &#8230;<br \/>\nRetour en passant par le moulin d&rsquo;Arradon.<br \/>\nEt piscine. Qui l&rsquo;eut cru ?<\/p>\n<h2>Arradon -&gt; Carnac<\/h2>\n<p>D\u00e9part le lendemain pour une visite du tumulus de kernours pr\u00e8s de Bono. Mais surtout arr\u00eat pique-nique \u00e0 Auray o\u00f9 nous avons longuement fl\u00e2n\u00e9.<br \/>\nPuis descente sur la Trinit\u00e9 sur mer pour poursuivre vers les alignements de Carnac. Grandiose.<br \/>\nEt terminer au camping \u00ab\u00a0le Dolmen\u00a0\u00bb le plus cher de ce circuit pour si peu.<\/p>\n<p>On s&rsquo;est termin\u00e9 au restaurant quand m\u00eame.<\/p>\n<p>Cela reste un des circuits le plus vari\u00e9 que nous ayons fait notamment en termes de paysages, de passeurs bougon ou charmant d&rsquo;h\u00e9bergements sympathiques.<br \/>\nLe golfe du Morbihan reste agr\u00e9able \u00e0 faire.<\/p>\n<p>Saint Gilles croix de vie ou les Sables d&rsquo;Olonne sont des atrocit\u00e9s vus de la mer depuis un bateau. Remonter en voiture par la route de Saint Jean de Mons et sa flop\u00e9e de campings n&rsquo;a rien d&rsquo;int\u00e9ressant. Par contre, en v\u00e9lo, tout se d\u00e9voile et j&rsquo;ai \u00e9t\u00e9 agr\u00e9ablement surpris par la r\u00e9gion vend\u00e9enne.<br \/>\nLa marina d&rsquo;Arzal est un petit coin de paradis pour plaisanciers. 10 ann\u00e9es de cabotages atlantiques et je ne m&rsquo;y \u00e9tais jamais arr\u00eat\u00e9.<br \/>\nLe must est Lanthiern. Les voitures restant sur la grand route, seuls les randonneurs et cyclo la verront.<\/p>\n","protected":false},"excerpt":{"rendered":"<p>Voir le parcours Distance : 432 km D\u00e9nivel\u00e9 montant\u00a0 : 3 274 m D\u00e9nivel\u00e9\u00a0 descendant : 3 392 m Alt. max. : 54 m Alt. min. : -1 m L&rsquo;objectif originel \u00e9tait Quiberon. Mais comme toujours, les circonstances am\u00e8nent quelques am\u00e9nagements. Nous aurions pu repartir du Lidon, notre derni\u00e8re \u00e9tape du circuit 2013, mais ayant [&hellip;]<\/p>\n","protected":false},"author":1,"featured_media":0,"parent":4,"menu_order":5,"comment_status":"closed","ping_status":"closed","template":"","meta":[],"jetpack_shortlink":"https:\/\/wp.me\/P80Whq-89","jetpack_sharing_enabled":true,"jetpack-related-posts":[{"id":1521,"url":"http:\/\/www.auduteau.net\/cyclo\/debut-de-lhistoire\/2020-2021-10km-autour-du-domicile\/","url_meta":{"origin":505,"position":0},"title":"2020-2021 &#8211; 10Km autour du domicile","date":"1 octobre 2016","format":false,"excerpt":"Reprise des activit\u00e9s cyclistes apr\u00e8s 7 mois d'arr\u00eat suite \u00e0 ma luxation de clavicule de l'\u00e9t\u00e9 dernier. Et ce, en mode 10km max du domicile. Cela fait d\u00e9j\u00e0 un bon p\u00e9rim\u00e8tre de visites malgr\u00e9 le fait que ce p\u00e9rim\u00e8tre se r\u00e9duise car nous le faisons en famille et chacun son\u2026","rel":"","context":"Article similaire","img":{"alt_text":"","src":"https:\/\/i0.wp.com\/www.auduteau.net\/cyclo\/wp-content\/uploads\/chatenay_Chesnay2-300x264.jpg?resize=350%2C200","width":350,"height":200},"classes":[]},{"id":4,"url":"http:\/\/www.auduteau.net\/cyclo\/debut-de-lhistoire\/","url_meta":{"origin":505,"position":1},"title":"D\u00e9but de l&rsquo;histoire","date":"30 septembre 2016","format":false,"excerpt":"Apr\u00e8s avoir fait 20 ans de cabotage en mer (croisi\u00e8res c\u00f4ti\u00e8res en M\u00e9diterran\u00e9e et atlantique) nous nous sommes pos\u00e9s sur les c\u00f4tes et plages fran\u00e7aises pour passer nos vacances en s\u00e9dentaire avec nos filles. Quelque chose nous manquait. Cette s\u00e9dentarit\u00e9 ne nous correspondait pas totalement. Jusqu'au jour (2008) o\u00f9 mon\u2026","rel":"","context":"Article similaire","img":{"alt_text":"","src":"https:\/\/i0.wp.com\/www.auduteau.net\/cyclo\/wp-content\/uploads\/Map_Circuit-1.png?resize=350%2C200","width":350,"height":200},"classes":[]},{"id":1571,"url":"http:\/\/www.auduteau.net\/cyclo\/debut-de-lhistoire\/2021-les-3-lacs\/","url_meta":{"origin":505,"position":2},"title":"2021 &#8211; Les 3 Lacs","date":"1 octobre 2016","format":false,"excerpt":"Fichier de ressources - Album Photos les 3 lacs Trace Circuit des 3 lacs Distance : 276,7km D\u00e9nivel\u00e9 Montant : 5499m D\u00e9nivel\u00e9 Descendant : 5745m Alt. max. : 688m A l'origine, nous devions faire la ViaRhona mais des contraintes de synchronisation du planning des cong\u00e9s du groupe nous ont amen\u00e9\u2026","rel":"","context":"Article similaire","img":{"alt_text":"","src":"https:\/\/i0.wp.com\/www.auduteau.net\/cyclo\/wp-content\/uploads\/IMG_8960_25_08_2021-1.jpg?resize=350%2C200","width":350,"height":200},"classes":[]},{"id":187,"url":"http:\/\/www.auduteau.net\/cyclo\/debut-de-lhistoire\/2010-canal-du-midi-toulouse-a-sete\/","url_meta":{"origin":505,"position":3},"title":"2010 : Canal du Midi &#8211; Toulouse \u00e0 S\u00e8te","date":"30 septembre 2016","format":false,"excerpt":"Voir le parcours Distance :\u00a0\u00a0\u00a0\u00a0\u00a0\u00a0\u00a0\u00a0\u00a0\u00a0\u00a0\u00a0\u00a0\u00a0\u00a0\u00a0\u00a0\u00a0\u00a0\u00a0\u00a0\u00a0\u00a0\u00a0 276 km D\u00e9nivel\u00e9 Montant\u00a0\u00a0\u00a0\u00a0\u00a0 : 1 752 m D\u00e9nivel\u00e9\u00a0 descendant: 1 927 m Altitude maximum \u00a0 \u00a0 :\u00a0\u00a0\u00a0\u00a0 270 m Altitude minimum \u00a0 \u00a0 : \u00a0 \u00a0 \u00a0 -2 m Ce fut la premi\u00e8re exp\u00e9rience de Cyclo tourisme. Nous avons donc choisi un terrain de\u2026","rel":"","context":"Article similaire","img":{"alt_text":"","src":"https:\/\/i0.wp.com\/www.auduteau.net\/cyclo\/wp-content\/uploads\/2016\/09\/2010-le-somailjpg-300x225.jpg?resize=350%2C200","width":350,"height":200},"classes":[]},{"id":801,"url":"http:\/\/www.auduteau.net\/cyclo\/debut-de-lhistoire\/2017-vallee-du-lot\/","url_meta":{"origin":505,"position":4},"title":"2017 &#8211; Vall\u00e9e du Tarn et du Lot","date":"30 septembre 2016","format":false,"excerpt":"Voir le parcours Distance : 378km D\u00e9but : 08 ao\u00fbt 2017 Fin : 16 ao\u00fbt 2017 D\u00e9nivel\u00e9 + : 4060m D\u00e9nivel\u00e9 - : 3924m Alt. max. : 233m Fichier Ressources - Galerie photos Ce ne sera pas tant le Lot mais surtout le Lot et Garonne avec un d\u00e9part du\u2026","rel":"","context":"Article similaire","img":{"alt_text":"Vall\u00e9e du lot","src":"https:\/\/i0.wp.com\/www.auduteau.net\/cyclo\/wp-content\/uploads\/Lot.jpg?resize=350%2C200","width":350,"height":200},"classes":[]},{"id":199,"url":"http:\/\/www.auduteau.net\/cyclo\/debut-de-lhistoire\/2013-ile-doleron-marais-poitevin\/","url_meta":{"origin":505,"position":5},"title":"2013 : Ile d&rsquo;Ol\u00e9ron &#8211; Marais Poitevin","date":"30 septembre 2016","format":false,"excerpt":"Voir le parcours Distance :\u00a0\u00a0\u00a0\u00a0\u00a0\u00a0\u00a0\u00a0\u00a0\u00a0\u00a0\u00a0\u00a0\u00a0\u00a0\u00a0\u00a0\u00a0\u00a0\u00a0\u00a0\u00a0\u00a0\u00a0 494 km D\u00e9nivel\u00e9 Montant\u00a0\u00a0\u00a0\u00a0\u00a0 : 2 089 m D\u00e9nivel\u00e9\u00a0 descendant: 2 201 m Altitude maximum \u00a0 \u00a0 :\u00a0\u00a0\u00a0\u00a0\u00a0\u00a0 35 m Altitude minimum \u00a0 \u00a0 : \u00a0 \u00a0 \u00a0 -2 m 2010 sans aucune pr\u00e9paration. 2012 avec un semblant de pr\u00e9paration. 2013 nous avons voulu tirer\u2026","rel":"","context":"Article similaire","img":{"alt_text":"","src":"https:\/\/i0.wp.com\/www.auduteau.net\/cyclo\/wp-content\/uploads\/2016\/09\/2013-map-300x260.png?resize=350%2C200","width":350,"height":200},"classes":[]}],"jetpack_likes_enabled":true,"_links":{"self":[{"href":"http:\/\/www.auduteau.net\/cyclo\/wp-json\/wp\/v2\/pages\/505"}],"collection":[{"href":"http:\/\/www.auduteau.net\/cyclo\/wp-json\/wp\/v2\/pages"}],"about":[{"href":"http:\/\/www.auduteau.net\/cyclo\/wp-json\/wp\/v2\/types\/page"}],"author":[{"embeddable":true,"href":"http:\/\/www.auduteau.net\/cyclo\/wp-json\/wp\/v2\/users\/1"}],"replies":[{"embeddable":true,"href":"http:\/\/www.auduteau.net\/cyclo\/wp-json\/wp\/v2\/comments?post=505"}],"version-history":[{"count":11,"href":"http:\/\/www.auduteau.net\/cyclo\/wp-json\/wp\/v2\/pages\/505\/revisions"}],"predecessor-version":[{"id":759,"href":"http:\/\/www.auduteau.net\/cyclo\/wp-json\/wp\/v2\/pages\/505\/revisions\/759"}],"up":[{"embeddable":true,"href":"http:\/\/www.auduteau.net\/cyclo\/wp-json\/wp\/v2\/pages\/4"}],"wp:attachment":[{"href":"http:\/\/www.auduteau.net\/cyclo\/wp-json\/wp\/v2\/media?parent=505"}],"curies":[{"name":"wp","href":"https:\/\/api.w.org\/{rel}","templated":true}]}}